{"id":1223,"date":"2021-11-16T08:01:02","date_gmt":"2021-11-16T08:01:02","guid":{"rendered":"https:\/\/teidakademi.mucizefikironline.com\/?page_id=1223"},"modified":"2021-11-16T08:01:02","modified_gmt":"2021-11-16T08:01:02","slug":"bahadir-balki","status":"publish","type":"page","link":"https:\/\/teidakademi.com\/index.php\/ekibimiz\/bahadir-balki\/","title":{"rendered":"Av. Bahad\u0131r BALKI"},"content":{"rendered":"\t\t<div data-elementor-type=\"wp-page\" data-elementor-id=\"1223\" class=\"elementor elementor-1223\" data-elementor-settings=\"{&quot;ha_cmc_init_switcher&quot;:&quot;no&quot;}\" data-elementor-post-type=\"page\">\n\t\t\t\t\t\t<section class=\"elementor-section elementor-top-section elementor-element elementor-element-bc39e38 elementor-section-boxed elementor-section-height-default elementor-section-height-default\" data-id=\"bc39e38\" data-element_type=\"section\" data-e-type=\"section\" data-settings=\"{&quot;_ha_eqh_enable&quot;:false}\">\n\t\t\t\t\t\t<div class=\"elementor-container elementor-column-gap-default\">\n\t\t\t\t\t<div class=\"elementor-column elementor-col-100 elementor-top-column elementor-element elementor-element-8a8309a\" data-id=\"8a8309a\" data-element_type=\"column\" data-e-type=\"column\">\n\t\t\t<div class=\"elementor-widget-wrap elementor-element-populated\">\n\t\t\t\t\t\t<div class=\"elementor-element elementor-element-ab264a5 elementor-widget elementor-widget-image\" data-id=\"ab264a5\" data-element_type=\"widget\" data-e-type=\"widget\" data-widget_type=\"image.default\">\n\t\t\t\t<div class=\"elementor-widget-container\">\n\t\t\t\t\t\t\t\t\t\t\t\t\t\t\t<img decoding=\"async\" src=\"http:\/\/teidakademi.mucizefikironline.com\/wp-content\/uploads\/2021\/11\/bahadir.png\" title=\"\" alt=\"\" loading=\"lazy\" \/>\t\t\t\t\t\t\t\t\t\t\t\t\t\t\t<\/div>\n\t\t\t\t<\/div>\n\t\t\t\t<div class=\"elementor-element elementor-element-7199dcd elementor-widget elementor-widget-heading\" data-id=\"7199dcd\" data-element_type=\"widget\" data-e-type=\"widget\" data-widget_type=\"heading.default\">\n\t\t\t\t<div class=\"elementor-widget-container\">\n\t\t\t\t\t<h2 class=\"elementor-heading-title elementor-size-default\">Av. Bahad\u0131r BALKI<\/h2>\t\t\t\t<\/div>\n\t\t\t\t<\/div>\n\t\t\t\t<div class=\"elementor-element elementor-element-be5a027 elementor-widget elementor-widget-heading\" data-id=\"be5a027\" data-element_type=\"widget\" data-e-type=\"widget\" data-widget_type=\"heading.default\">\n\t\t\t\t<div class=\"elementor-widget-container\">\n\t\t\t\t\t<h2 class=\"elementor-heading-title elementor-size-default\">ACTECON<\/h2>\t\t\t\t<\/div>\n\t\t\t\t<\/div>\n\t\t\t\t<div class=\"elementor-element elementor-element-a5e92dd elementor-widget elementor-widget-text-editor\" data-id=\"a5e92dd\" data-element_type=\"widget\" data-e-type=\"widget\" data-widget_type=\"text-editor.default\">\n\t\t\t\t<div class=\"elementor-widget-container\">\n\t\t\t\t\t\t\t\t\t<p>Bahad\u0131r BALKI 2006 y\u0131l\u0131nda Bah\u00e7e\u015fehir \u00dcniversitesi Hukuk Fak\u00fcltesi\u2019nden mezun olmu\u015f, 2008 y\u0131l\u0131nda Saarland University \u2013 Europa Institut\u2019da \u201c<em>Avrupa Ekonomi Hukuku<\/em>\u201d alan\u0131nda y\u00fcksek lisans e\u011fitimini tamamlam\u0131\u015ft\u0131r.<\/p><p>ACTECON\u2019da 2008 y\u0131l\u0131nda dan\u0131\u015fman olarak \u00e7al\u0131\u015fma hayat\u0131na ba\u015flam\u0131\u015f, 2014 y\u0131l\u0131 itibari ile \u015firket orta\u011f\u0131, 2018 y\u0131l\u0131 itibari ile ise y\u00f6netici ortak konumuna gelmi\u015ftir.<\/p><p>G\u00f6zl\u00fck\/lens, titanium dioxide, demir-\u00e7elik, FMCG, bitki koruma, liman hizmetleri, \u00e7imento, bankac\u0131l\u0131k, sigorta, otomotiv, telekom\u00fcnikasyon, yay\u0131n haklar\u0131, sinemac\u0131l\u0131k, havac\u0131l\u0131k, ro-ro ta\u015f\u0131mac\u0131l\u0131\u011f\u0131 ve daha bir\u00e7ok farkl\u0131 end\u00fcstride ger\u00e7ekle\u015fen global \u015firket birle\u015fmeleri ve rekabet soru\u015fturmalar\u0131nda \u015firketleri temsil etmi\u015ftir.<\/p><p>Bahad\u0131r BALKI, Rekabet Kurulu\u2019nun 20 y\u0131ll\u0131k uygulamas\u0131nda ilklere imza atan ACTECON Ekibi\u2019nin liderli\u011fini yapm\u0131\u015ft\u0131r. \u201c<em>Kurumsal Bankac\u0131l\u0131k<\/em>\u201d soru\u015fturmas\u0131nda Rekabet Kurulu\u2019nun ihlali bir kartel olarak tan\u0131mlamamas\u0131na ra\u011fmen, ACTECON, temsilcisi oldu\u011fu ve pi\u015fmanl\u0131k ba\u015fvurusunda bulunan \u015firketin cezadan tam muafiyet almas\u0131n\u0131 sa\u011flam\u0131\u015ft\u0131r.<\/p><p>BALKI, 2014 y\u0131l\u0131nda uluslararas\u0131 rekabet otoritelerinin \u00e7at\u0131 \u00f6rg\u00fct\u00fc olan \u201cInternational Competition Network\u201de T\u00fcrkiye\u2019yi temsil etmek \u00fczere \u201c<em>Non-Governmental Advisor<\/em>\u201d olarak atanm\u0131\u015f ve ayn\u0131 y\u0131l Fas\u2019ta ger\u00e7ekle\u015fen y\u0131ll\u0131k toplant\u0131da \u015firketlerin rekabet otoriteleri ile ger\u00e7ekle\u015ftirdikleri uzla\u015fma ve taahh\u00fct s\u00fcre\u00e7lerine dair tecr\u00fcbelerini payla\u015fmak \u00fczere \u201c<em>resource person\u201d\u00a0<\/em>olarak davet edilmi\u015ftir. \u00c7e\u015fitli hukuki seminer ve konferanslarda d\u00fczenli olarak konu\u015fmac\u0131 olarak yer almaktad\u0131r. \u201c<em>Who\u2019s Who Legal<\/em>\u201d taraf\u0131ndan 2015 y\u0131l\u0131ndan bu yana rekabet hukuku alan\u0131nda uluslararas\u0131 \u00e7evrelerde \u00f6nde gelen bireylerden biri olarak se\u00e7ilmektedir.\u00a0<\/p>\t\t\t\t\t\t\t\t<\/div>\n\t\t\t\t<\/div>\n\t\t\t\t\t<\/div>\n\t\t<\/div>\n\t\t\t\t\t<\/div>\n\t\t<\/section>\n\t\t\t\t<\/div>\n\t\t","protected":false},"excerpt":{"rendered":"<p>Av. Bahad\u0131r BALKI ACTECON Bahad\u0131r BALKI 2006 y\u0131l\u0131nda Bah\u00e7e\u015fehir \u00dcniversitesi Hukuk Fak\u00fcltesi\u2019nden mezun olmu\u015f, 2008 y\u0131l\u0131nda Saarland University \u2013 Europa Institut\u2019da \u201cAvrupa Ekonomi Hukuku\u201d alan\u0131nda y\u00fcksek lisans e\u011fitimini tamamlam\u0131\u015ft\u0131r. ACTECON\u2019da 2008 y\u0131l\u0131nda dan\u0131\u015fman olarak \u00e7al\u0131\u015fma hayat\u0131na ba\u015flam\u0131\u015f, 2014 y\u0131l\u0131 itibari ile \u015firket orta\u011f\u0131, 2018 y\u0131l\u0131 itibari ile ise y\u00f6netici ortak konumuna gelmi\u015ftir. G\u00f6zl\u00fck\/lens, titanium dioxide, [&hellip;]<\/p>\n","protected":false},"author":497,"featured_media":0,"parent":1166,"menu_order":0,"comment_status":"closed","ping_status":"closed","template":"elementor_header_footer","meta":{"_bbp_topic_count":0,"_bbp_reply_count":0,"_bbp_total_topic_count":0,"_bbp_total_reply_count":0,"_bbp_voice_count":0,"_bbp_anonymous_reply_count":0,"_bbp_topic_count_hidden":0,"_bbp_reply_count_hidden":0,"_bbp_forum_subforum_count":0,"footnotes":""},"class_list":["post-1223","page","type-page","status-publish","hentry"],"_links":{"self":[{"href":"https:\/\/teidakademi.com\/index.php\/wp-json\/wp\/v2\/pages\/1223","targetHints":{"allow":["GET"]}}],"collection":[{"href":"https:\/\/teidakademi.com\/index.php\/wp-json\/wp\/v2\/pages"}],"about":[{"href":"https:\/\/teidakademi.com\/index.php\/wp-json\/wp\/v2\/types\/page"}],"author":[{"embeddable":true,"href":"https:\/\/teidakademi.com\/index.php\/wp-json\/wp\/v2\/users\/497"}],"replies":[{"embeddable":true,"href":"https:\/\/teidakademi.com\/index.php\/wp-json\/wp\/v2\/comments?post=1223"}],"version-history":[{"count":0,"href":"https:\/\/teidakademi.com\/index.php\/wp-json\/wp\/v2\/pages\/1223\/revisions"}],"up":[{"embeddable":true,"href":"https:\/\/teidakademi.com\/index.php\/wp-json\/wp\/v2\/pages\/1166"}],"wp:attachment":[{"href":"https:\/\/teidakademi.com\/index.php\/wp-json\/wp\/v2\/media?parent=1223"}],"curies":[{"name":"wp","href":"https:\/\/api.w.org\/{rel}","templated":true}]}}