{"id":1305,"date":"2021-11-16T09:30:15","date_gmt":"2021-11-16T09:30:15","guid":{"rendered":"https:\/\/teidakademi.mucizefikironline.com\/?page_id=1305"},"modified":"2021-11-16T09:30:15","modified_gmt":"2021-11-16T09:30:15","slug":"guray-karacar","status":"publish","type":"page","link":"https:\/\/teidakademi.com\/index.php\/ekibimiz\/guray-karacar\/","title":{"rendered":"G\u00fcray Karacar"},"content":{"rendered":"\t\t<div data-elementor-type=\"wp-page\" data-elementor-id=\"1305\" class=\"elementor elementor-1305\" data-elementor-settings=\"{&quot;ha_cmc_init_switcher&quot;:&quot;no&quot;}\" data-elementor-post-type=\"page\">\n\t\t\t\t\t\t<section class=\"elementor-section elementor-top-section elementor-element elementor-element-bc39e38 elementor-section-boxed elementor-section-height-default elementor-section-height-default\" data-id=\"bc39e38\" data-element_type=\"section\" data-e-type=\"section\" data-settings=\"{&quot;_ha_eqh_enable&quot;:false}\">\n\t\t\t\t\t\t<div class=\"elementor-container elementor-column-gap-default\">\n\t\t\t\t\t<div class=\"elementor-column elementor-col-100 elementor-top-column elementor-element elementor-element-8a8309a\" data-id=\"8a8309a\" data-element_type=\"column\" data-e-type=\"column\">\n\t\t\t<div class=\"elementor-widget-wrap elementor-element-populated\">\n\t\t\t\t\t\t<div class=\"elementor-element elementor-element-ab264a5 elementor-widget elementor-widget-image\" data-id=\"ab264a5\" data-element_type=\"widget\" data-e-type=\"widget\" data-widget_type=\"image.default\">\n\t\t\t\t<div class=\"elementor-widget-container\">\n\t\t\t\t\t\t\t\t\t\t\t\t\t\t\t<img decoding=\"async\" src=\"http:\/\/teidakademi.mucizefikironline.com\/wp-content\/uploads\/2021\/11\/guray_karacar.png\" title=\"\" alt=\"\" loading=\"lazy\" \/>\t\t\t\t\t\t\t\t\t\t\t\t\t\t\t<\/div>\n\t\t\t\t<\/div>\n\t\t\t\t<div class=\"elementor-element elementor-element-7199dcd elementor-widget elementor-widget-heading\" data-id=\"7199dcd\" data-element_type=\"widget\" data-e-type=\"widget\" data-widget_type=\"heading.default\">\n\t\t\t\t<div class=\"elementor-widget-container\">\n\t\t\t\t\t<h2 class=\"elementor-heading-title elementor-size-default\">G\u00fcray Karacar\n<\/h2>\t\t\t\t<\/div>\n\t\t\t\t<\/div>\n\t\t\t\t<div class=\"elementor-element elementor-element-be5a027 elementor-widget elementor-widget-heading\" data-id=\"be5a027\" data-element_type=\"widget\" data-e-type=\"widget\" data-widget_type=\"heading.default\">\n\t\t\t\t<div class=\"elementor-widget-container\">\n\t\t\t\t\t<h2 class=\"elementor-heading-title elementor-size-default\">Sanofi\n<\/h2>\t\t\t\t<\/div>\n\t\t\t\t<\/div>\n\t\t\t\t<div class=\"elementor-element elementor-element-a5e92dd elementor-widget elementor-widget-text-editor\" data-id=\"a5e92dd\" data-element_type=\"widget\" data-e-type=\"widget\" data-widget_type=\"text-editor.default\">\n\t\t\t\t<div class=\"elementor-widget-container\">\n\t\t\t\t\t\t\t\t\t<p>Saint \u2013 Joseph Frans\u0131z Lisesi\u2019nin ard\u0131ndan Marmara \u0130leti\u015fim Bilimleri Fak\u00fcltesi\u2019nde e\u011fitim hayat\u0131n\u0131 s\u00fcrd\u00fcren Karacar, 2003 \u2013 2016 y\u0131llar\u0131 aras\u0131nda T\u00fcrkiye Kurumsal Y\u00f6netim Derne\u011fi Genel Sekreteri olarak g\u00f6rev yapm\u0131\u015ft\u0131r. G\u00f6rev s\u00fcresi boyunca Center for International Private Enterprise (CIPE) MENA B\u00f6lgesi Y\u00fcr\u00fctme Kurulu \u00dcyeli\u011fi, D\u00fcnya Bankas\u0131 Sivil Toplum Diyalo\u011fu Dan\u0131\u015fmanl\u0131\u011f\u0131, TUSIAD Kurumsal Y\u00f6netim Komitesi ve BORG\u0130P Projesi \u00dcyeli\u011fi ve International Corporate Governance Network (ICGN) \u00fclke temsilcili g\u00f6revlerini y\u00fcr\u00fctm\u00fc\u015ft\u00fcr. 2005 \u2013 2007 y\u0131llar\u0131 aras\u0131nda Birle\u015fmi\u015f Milletler Kalk\u0131nma Program\u0131 Ulusal Program Koordinat\u00f6r\u00fc olarak g\u00f6rev yaparak K\u00fcresel \u0130lkeler S\u00f6zle\u015fmesi (Global Compact) ve Bin Y\u0131ll\u0131k Kalk\u0131nma Hedeflerinin tan\u0131t\u0131m\u0131nda rol alm\u0131\u015ft\u0131r.<\/p><p>Sermaye piyasas\u0131, aile \u015firketleri, ekonomi gazetecili\u011fi, sivil toplum kurulu\u015flar\u0131, futbol end\u00fcstrisi konular\u0131nda rehber yay\u0131nlar haz\u0131rlanmas\u0131 ve uygulamay\u0131 destekleyici ara\u00e7lar\u0131n faydaya sunulmas\u0131n\u0131n yan\u0131 s\u0131ra kurumsal y\u00f6netim anlay\u0131\u015f\u0131n\u0131n geni\u015f bir \u00e7er\u00e7evede tan\u0131t\u0131lmas\u0131 i\u00e7in Anadolu \u015fehirlerinde ve \u0130stanbul merkezli olarak seminer, konferans ve e\u011fitimler d\u00fczenlemektedir. Yazar\u0131 oldu\u011fu ve katk\u0131da bulundu\u011fu yay\u0131nlar aras\u0131nda Aile \u015eirketleri Y\u00f6netim Rehberi (2010), T\u00fcrk Futbol End\u00fcstrisi Y\u00f6netim Rehberi (2010), Nedir Bu Kurumsal Y\u00f6netim? (2005), Sivil Toplum Kurulu\u015flar\u0131 Y\u00f6netim Rehberi (2014), Ekonomi Gazetecisi El Kitab\u0131 (2011),\u00a0 T\u00fcrkiye Kurumsal Y\u00f6netim Haritas\u0131 Ara\u015ft\u0131rma Raporu (2005), Kurumsal Y\u00f6netim Alg\u0131 Ara\u015ft\u0131rmas\u0131 (2015), T\u00fcrkiye \u2013 Pakistan \u2013 \u0130ran \u0130\u015f Ortam\u0131 ve \u00d6zelle\u015ftirmeler Kar\u015f\u0131la\u015ft\u0131rma Raporu (2013) TUSIAD Kurumsal Y\u00f6netim En \u0130yi Uygulama Kodu (2013) bulunmaktad\u0131r.<\/p><p>2016 \u2013 2021 y\u0131llar\u0131 aras\u0131nda Tofa\u015f D\u0131\u015f \u0130li\u015fkiler Direkt\u00f6r\u00fc g\u00f6revini y\u00fcr\u00fcten Karacar bu d\u00f6nemde TOBB Otomotiv Sanayi Meclis \u00dcyesi, Otomotiv Sanayi Derne\u011fi Y\u00f6netim Kurulu \u00dcyesi, T\u00fcrk \u2013 \u0130talyan \u0130\u015f Konseyi \u00dcyesi, TKYD, TE\u0130D, KIYED Y\u00f6netim Kurulu \u00dcyesi olarak rol alm\u0131\u015ft\u0131r. 2021 y\u0131l\u0131nda Sanofi \u0130la\u00e7 T\u00fcrkiye ve Levant B\u00f6lgesi Kurumsal \u0130li\u015fkiler ve Pazara Eri\u015fim Direkt\u00f6r\u00fc g\u00f6revine ba\u015flam\u0131\u015ft\u0131r.\u00a0<\/p>\t\t\t\t\t\t\t\t<\/div>\n\t\t\t\t<\/div>\n\t\t\t\t\t<\/div>\n\t\t<\/div>\n\t\t\t\t\t<\/div>\n\t\t<\/section>\n\t\t\t\t<\/div>\n\t\t","protected":false},"excerpt":{"rendered":"<p>G\u00fcray Karacar Sanofi Saint \u2013 Joseph Frans\u0131z Lisesi\u2019nin ard\u0131ndan Marmara \u0130leti\u015fim Bilimleri Fak\u00fcltesi\u2019nde e\u011fitim hayat\u0131n\u0131 s\u00fcrd\u00fcren Karacar, 2003 \u2013 2016 y\u0131llar\u0131 aras\u0131nda T\u00fcrkiye Kurumsal Y\u00f6netim Derne\u011fi Genel Sekreteri olarak g\u00f6rev yapm\u0131\u015ft\u0131r. G\u00f6rev s\u00fcresi boyunca Center for International Private Enterprise (CIPE) MENA B\u00f6lgesi Y\u00fcr\u00fctme Kurulu \u00dcyeli\u011fi, D\u00fcnya Bankas\u0131 Sivil Toplum Diyalo\u011fu Dan\u0131\u015fmanl\u0131\u011f\u0131, TUSIAD Kurumsal Y\u00f6netim Komitesi [&hellip;]<\/p>\n","protected":false},"author":497,"featured_media":0,"parent":1166,"menu_order":0,"comment_status":"closed","ping_status":"closed","template":"elementor_header_footer","meta":{"_bbp_topic_count":0,"_bbp_reply_count":0,"_bbp_total_topic_count":0,"_bbp_total_reply_count":0,"_bbp_voice_count":0,"_bbp_anonymous_reply_count":0,"_bbp_topic_count_hidden":0,"_bbp_reply_count_hidden":0,"_bbp_forum_subforum_count":0,"footnotes":""},"class_list":["post-1305","page","type-page","status-publish","hentry"],"_links":{"self":[{"href":"https:\/\/teidakademi.com\/index.php\/wp-json\/wp\/v2\/pages\/1305","targetHints":{"allow":["GET"]}}],"collection":[{"href":"https:\/\/teidakademi.com\/index.php\/wp-json\/wp\/v2\/pages"}],"about":[{"href":"https:\/\/teidakademi.com\/index.php\/wp-json\/wp\/v2\/types\/page"}],"author":[{"embeddable":true,"href":"https:\/\/teidakademi.com\/index.php\/wp-json\/wp\/v2\/users\/497"}],"replies":[{"embeddable":true,"href":"https:\/\/teidakademi.com\/index.php\/wp-json\/wp\/v2\/comments?post=1305"}],"version-history":[{"count":0,"href":"https:\/\/teidakademi.com\/index.php\/wp-json\/wp\/v2\/pages\/1305\/revisions"}],"up":[{"embeddable":true,"href":"https:\/\/teidakademi.com\/index.php\/wp-json\/wp\/v2\/pages\/1166"}],"wp:attachment":[{"href":"https:\/\/teidakademi.com\/index.php\/wp-json\/wp\/v2\/media?parent=1305"}],"curies":[{"name":"wp","href":"https:\/\/api.w.org\/{rel}","templated":true}]}}