{"id":1334,"date":"2021-11-16T09:35:02","date_gmt":"2021-11-16T09:35:02","guid":{"rendered":"https:\/\/teidakademi.mucizefikironline.com\/?page_id=1334"},"modified":"2021-11-16T09:35:02","modified_gmt":"2021-11-16T09:35:02","slug":"nuran-aksu","status":"publish","type":"page","link":"https:\/\/teidakademi.com\/index.php\/ekibimiz\/nuran-aksu\/","title":{"rendered":"Nuran Aksu"},"content":{"rendered":"\t\t<div data-elementor-type=\"wp-page\" data-elementor-id=\"1334\" class=\"elementor elementor-1334\" data-elementor-settings=\"{&quot;ha_cmc_init_switcher&quot;:&quot;no&quot;}\" data-elementor-post-type=\"page\">\n\t\t\t\t\t\t<section class=\"elementor-section elementor-top-section elementor-element elementor-element-bc39e38 elementor-section-boxed elementor-section-height-default elementor-section-height-default\" data-id=\"bc39e38\" data-element_type=\"section\" data-e-type=\"section\" data-settings=\"{&quot;_ha_eqh_enable&quot;:false}\">\n\t\t\t\t\t\t<div class=\"elementor-container elementor-column-gap-default\">\n\t\t\t\t\t<div class=\"elementor-column elementor-col-100 elementor-top-column elementor-element elementor-element-8a8309a\" data-id=\"8a8309a\" data-element_type=\"column\" data-e-type=\"column\">\n\t\t\t<div class=\"elementor-widget-wrap elementor-element-populated\">\n\t\t\t\t\t\t<div class=\"elementor-element elementor-element-ab264a5 elementor-widget elementor-widget-image\" data-id=\"ab264a5\" data-element_type=\"widget\" data-e-type=\"widget\" data-widget_type=\"image.default\">\n\t\t\t\t<div class=\"elementor-widget-container\">\n\t\t\t\t\t\t\t\t\t\t\t\t\t\t\t<img decoding=\"async\" src=\"http:\/\/teidakademi.mucizefikironline.com\/wp-content\/uploads\/2021\/11\/nuran_aksu.png\" title=\"\" alt=\"\" loading=\"lazy\" \/>\t\t\t\t\t\t\t\t\t\t\t\t\t\t\t<\/div>\n\t\t\t\t<\/div>\n\t\t\t\t<div class=\"elementor-element elementor-element-7199dcd elementor-widget elementor-widget-heading\" data-id=\"7199dcd\" data-element_type=\"widget\" data-e-type=\"widget\" data-widget_type=\"heading.default\">\n\t\t\t\t<div class=\"elementor-widget-container\">\n\t\t\t\t\t<h2 class=\"elementor-heading-title elementor-size-default\">Nuran Aksu\n<\/h2>\t\t\t\t<\/div>\n\t\t\t\t<\/div>\n\t\t\t\t<div class=\"elementor-element elementor-element-be5a027 elementor-widget elementor-widget-heading\" data-id=\"be5a027\" data-element_type=\"widget\" data-e-type=\"widget\" data-widget_type=\"heading.default\">\n\t\t\t\t<div class=\"elementor-widget-container\">\n\t\t\t\t\t<h2 class=\"elementor-heading-title elementor-size-default\">Zenna Dan\u0131\u015fmanl\u0131k\n<\/h2>\t\t\t\t<\/div>\n\t\t\t\t<\/div>\n\t\t\t\t<div class=\"elementor-element elementor-element-a5e92dd elementor-widget elementor-widget-text-editor\" data-id=\"a5e92dd\" data-element_type=\"widget\" data-e-type=\"widget\" data-widget_type=\"text-editor.default\">\n\t\t\t\t<div class=\"elementor-widget-container\">\n\t\t\t\t\t\t\t\t\t<p>1977 \u0130stanbul do\u011fumlu olan Nuran Aksu ara\u015ft\u0131rma sekt\u00f6r\u00fcnde i\u015f hayat\u0131na 2000 senesinde ba\u015flad\u0131. Stratejik ara\u015ft\u0131rmalar, marka y\u00f6netimi ve itibar y\u00f6netimi dan\u0131\u015fmanl\u0131\u011f\u0131 alan\u0131nda uzman olan Aksu, 2015 senesi itibariyle ZENNA Ara\u015ft\u0131rma ve Dan\u0131\u015fmanl\u0131k \u015firketini kurmu\u015ftur.<\/p><p>Aksu, RepMan \u0130tibar Ara\u015ft\u0131rmalar\u0131 Merkezinin kurucu dan\u0131\u015fma kurulu \u00fcyesi, S\u00fcrd\u00fcr\u00fclebilir Kalk\u0131nma i\u00e7in Yenilik\u00e7i \u00c7\u00f6z\u00fcmler Derne\u011fi Kurucu Y\u00f6netim Kurulu \u00dcyesi, T\u00fcrkiye Kurumsal Sosyal Sorumluluk Derne\u011fi Dan\u0131\u015fma Kurulu \u00dcyesidir.<\/p><p>Her sene ortalama 5 doktora ve tez \u00f6\u011frencisine g\u00f6n\u00fcll\u00fc olarak destek veren Aksu ayr\u0131ca RepMan Merkez \u0130tibar Y\u00f6netimi Sertifika Program\u0131\u2019n\u0131n koordinat\u00f6rlerinden ve e\u011fitmenlerindendir. Nuran AKSU halklailiskiler.com\u2019da \u0130tibar D\u00fcnyas\u0131 k\u00f6\u015fesini yazmaktad\u0131r ve her ay Digital Age ve BrandMap Dergisi\u2019nde yaz\u0131lar\u0131n\u0131 payla\u015fmaktad\u0131r. Aksu ayr\u0131ca T\u00dcH\u0130D Alt\u0131n Pusula \u00d6d\u00fclleri\u2019nde 2017 senesinden beri\u00a0 j\u00fcri \u00fcyeli\u011fi yapmaktad\u0131r. \u0130stanbul Marketing Awards 2020 senesi j\u00fcri \u00fcyesidir.\u00a0\u00a0<\/p>\t\t\t\t\t\t\t\t<\/div>\n\t\t\t\t<\/div>\n\t\t\t\t\t<\/div>\n\t\t<\/div>\n\t\t\t\t\t<\/div>\n\t\t<\/section>\n\t\t\t\t<\/div>\n\t\t","protected":false},"excerpt":{"rendered":"<p>Nuran Aksu Zenna Dan\u0131\u015fmanl\u0131k 1977 \u0130stanbul do\u011fumlu olan Nuran Aksu ara\u015ft\u0131rma sekt\u00f6r\u00fcnde i\u015f hayat\u0131na 2000 senesinde ba\u015flad\u0131. Stratejik ara\u015ft\u0131rmalar, marka y\u00f6netimi ve itibar y\u00f6netimi dan\u0131\u015fmanl\u0131\u011f\u0131 alan\u0131nda uzman olan Aksu, 2015 senesi itibariyle ZENNA Ara\u015ft\u0131rma ve Dan\u0131\u015fmanl\u0131k \u015firketini kurmu\u015ftur. Aksu, RepMan \u0130tibar Ara\u015ft\u0131rmalar\u0131 Merkezinin kurucu dan\u0131\u015fma kurulu \u00fcyesi, S\u00fcrd\u00fcr\u00fclebilir Kalk\u0131nma i\u00e7in Yenilik\u00e7i \u00c7\u00f6z\u00fcmler Derne\u011fi Kurucu Y\u00f6netim [&hellip;]<\/p>\n","protected":false},"author":497,"featured_media":0,"parent":1166,"menu_order":0,"comment_status":"closed","ping_status":"closed","template":"elementor_header_footer","meta":{"_bbp_topic_count":0,"_bbp_reply_count":0,"_bbp_total_topic_count":0,"_bbp_total_reply_count":0,"_bbp_voice_count":0,"_bbp_anonymous_reply_count":0,"_bbp_topic_count_hidden":0,"_bbp_reply_count_hidden":0,"_bbp_forum_subforum_count":0,"footnotes":""},"class_list":["post-1334","page","type-page","status-publish","hentry"],"_links":{"self":[{"href":"https:\/\/teidakademi.com\/index.php\/wp-json\/wp\/v2\/pages\/1334","targetHints":{"allow":["GET"]}}],"collection":[{"href":"https:\/\/teidakademi.com\/index.php\/wp-json\/wp\/v2\/pages"}],"about":[{"href":"https:\/\/teidakademi.com\/index.php\/wp-json\/wp\/v2\/types\/page"}],"author":[{"embeddable":true,"href":"https:\/\/teidakademi.com\/index.php\/wp-json\/wp\/v2\/users\/497"}],"replies":[{"embeddable":true,"href":"https:\/\/teidakademi.com\/index.php\/wp-json\/wp\/v2\/comments?post=1334"}],"version-history":[{"count":0,"href":"https:\/\/teidakademi.com\/index.php\/wp-json\/wp\/v2\/pages\/1334\/revisions"}],"up":[{"embeddable":true,"href":"https:\/\/teidakademi.com\/index.php\/wp-json\/wp\/v2\/pages\/1166"}],"wp:attachment":[{"href":"https:\/\/teidakademi.com\/index.php\/wp-json\/wp\/v2\/media?parent=1334"}],"curies":[{"name":"wp","href":"https:\/\/api.w.org\/{rel}","templated":true}]}}