{"id":1732,"date":"2022-03-29T10:55:34","date_gmt":"2022-03-29T10:55:34","guid":{"rendered":"https:\/\/teidakademi.mucizefikironline.com\/?page_id=1732"},"modified":"2022-03-29T10:55:34","modified_gmt":"2022-03-29T10:55:34","slug":"av-ebru-gurdemir","status":"publish","type":"page","link":"https:\/\/teidakademi.com\/index.php\/ekibimiz\/av-ebru-gurdemir\/","title":{"rendered":"Av. Ebru G\u00fcrdemir"},"content":{"rendered":"\t\t<div data-elementor-type=\"wp-page\" data-elementor-id=\"1732\" class=\"elementor elementor-1732\" data-elementor-settings=\"{&quot;ha_cmc_init_switcher&quot;:&quot;no&quot;}\" data-elementor-post-type=\"page\">\n\t\t\t\t\t\t<section class=\"elementor-section elementor-top-section elementor-element elementor-element-bc39e38 elementor-section-boxed elementor-section-height-default elementor-section-height-default\" data-id=\"bc39e38\" data-element_type=\"section\" data-e-type=\"section\" data-settings=\"{&quot;_ha_eqh_enable&quot;:false}\">\n\t\t\t\t\t\t<div class=\"elementor-container elementor-column-gap-default\">\n\t\t\t\t\t<div class=\"elementor-column elementor-col-100 elementor-top-column elementor-element elementor-element-8a8309a\" data-id=\"8a8309a\" data-element_type=\"column\" data-e-type=\"column\">\n\t\t\t<div class=\"elementor-widget-wrap elementor-element-populated\">\n\t\t\t\t\t\t<div class=\"elementor-element elementor-element-ab264a5 elementor-widget elementor-widget-image\" data-id=\"ab264a5\" data-element_type=\"widget\" data-e-type=\"widget\" data-widget_type=\"image.default\">\n\t\t\t\t<div class=\"elementor-widget-container\">\n\t\t\t\t\t\t\t\t\t\t\t\t\t\t\t<img decoding=\"async\" src=\"http:\/\/teidakademi.mucizefikironline.com\/wp-content\/uploads\/2022\/03\/ebru_gurdemir_150x150.jpg\" title=\"\" alt=\"\" loading=\"lazy\" \/>\t\t\t\t\t\t\t\t\t\t\t\t\t\t\t<\/div>\n\t\t\t\t<\/div>\n\t\t\t\t<div class=\"elementor-element elementor-element-7199dcd elementor-widget elementor-widget-heading\" data-id=\"7199dcd\" data-element_type=\"widget\" data-e-type=\"widget\" data-widget_type=\"heading.default\">\n\t\t\t\t<div class=\"elementor-widget-container\">\n\t\t\t\t\t<h2 class=\"elementor-heading-title elementor-size-default\">Av. Ebru G\u00fcrdemir<\/h2>\t\t\t\t<\/div>\n\t\t\t\t<\/div>\n\t\t\t\t<div class=\"elementor-element elementor-element-be5a027 elementor-widget elementor-widget-heading\" data-id=\"be5a027\" data-element_type=\"widget\" data-e-type=\"widget\" data-widget_type=\"heading.default\">\n\t\t\t\t<div class=\"elementor-widget-container\">\n\t\t\t\t\t<h2 class=\"elementor-heading-title elementor-size-default\">Unilever T\u00fcrkiye<\/h2>\t\t\t\t<\/div>\n\t\t\t\t<\/div>\n\t\t\t\t<div class=\"elementor-element elementor-element-a5e92dd elementor-widget elementor-widget-text-editor\" data-id=\"a5e92dd\" data-element_type=\"widget\" data-e-type=\"widget\" data-widget_type=\"text-editor.default\">\n\t\t\t\t<div class=\"elementor-widget-container\">\n\t\t\t\t\t\t\t\t\t<p><strong>TE\u0130D 2021-2023 D\u00f6nemi Y\u00f6netim Kurulu As\u0131l \u00dcyesi, Unilever T\u00fcrkiye, Orta Asya ve \u0130ran Hukuktan Sorumlu Ba\u015fkan Yard\u0131mc\u0131s\u0131<\/strong><\/p><p>2020 y\u0131l\u0131ndan bu yana\u00a0Unilever T\u00fcrkiye, Orta Asya ve Iran Hukuktan Sorumlu Ba\u015fkan Yard\u0131mc\u0131s\u0131 g\u00f6revini y\u00fcr\u00fcten Av. Ebru G\u00fcrdemir,\u00a0farkl\u0131 sekt\u00f6rlerde ve geni\u015f co\u011frafyalarda edindi\u011fi uzun bir tecr\u00fcbeye sahiptir. Kariyerinde g\u00f6rev alma f\u0131rsat\u0131 buldu\u011fu t\u00fcm organizasyonlarda \u015firket i\u00e7i ve \u015firket d\u0131\u015f\u0131 etik ve hukuki uyum s\u00fcre\u00e7lerinde yer alm\u0131\u015f ve katk\u0131da bulunmu\u015ftur.\u00a0Unilever\u2019deki g\u00f6revinden \u00f6nce, Tetra Pak \u015eirketi\u00a0Orta Do\u011fu ve Afrika\u00a0Hukuk Departman\u0131n\u0131 kurmu\u015f ve y\u00f6netmi\u015f, Tetrapak Global Liderlik Hukuk Departman\u0131 \u00fcyesi ve Orta Do\u011fu Afrika Liderlik Ekibi \u00fcyesi olarak rol alm\u0131\u015ft\u0131r. Bundan \u00f6nce, British American Tobacco \u015eirketinde 1 y\u0131l s\u00fcreyle Hukuk ve G\u00fcvenlik Direkt\u00f6r\u00fc olarak g\u00f6rev alan Av. G\u00fcrdemir, 2001-2010 y\u0131llar\u0131 aras\u0131nda Colgate Palmolive \u015eirketinde, \u00f6nce\u00a0T\u00fcrkiye, Asya, Belarus &amp; Kafkasya Hukuk Direkt\u00f6r\u00fc, sonras\u0131nda ise \u0130svi\u00e7re\u2019de Ki\u015fisel Bak\u0131m \u00dcr\u00fcnleri Avrupa Birli\u011fi B\u00f6l\u00fcm\u00fc Hukuk Direkt\u00f6r\u00fc g\u00f6revlerini y\u00fcr\u00fctm\u00fc\u015ft\u00fcr.\u00a0\u00a01998-2001 y\u0131llar\u0131 aras\u0131nda Hewlett-Packard A.\u015e. Hukuk M\u00fc\u015faviri olarak Kurum i\u00e7i avukatl\u0131k kariyerine ba\u015flam\u0131\u015f olan Ebru G\u00fcrdemir, Dokuz Eyl\u00fcl \u00dcniversitesi Hukuk Fak\u00fcltesi mezunu olup \u0130zmir Barosunda yapt\u0131\u011f\u0131 avukatl\u0131k staj\u0131n\u0131n ard\u0131ndan \u00f6nce Izmir Barosu ve daha sonra \u0130stanbul Barosu \u00fcyesi olarak hukuk kariyerine devam etmektedir.<\/p>\t\t\t\t\t\t\t\t<\/div>\n\t\t\t\t<\/div>\n\t\t\t\t\t<\/div>\n\t\t<\/div>\n\t\t\t\t\t<\/div>\n\t\t<\/section>\n\t\t\t\t<\/div>\n\t\t","protected":false},"excerpt":{"rendered":"<p>Av. Ebru G\u00fcrdemir Unilever T\u00fcrkiye TE\u0130D 2021-2023 D\u00f6nemi Y\u00f6netim Kurulu As\u0131l \u00dcyesi, Unilever T\u00fcrkiye, Orta Asya ve \u0130ran Hukuktan Sorumlu Ba\u015fkan Yard\u0131mc\u0131s\u0131 2020 y\u0131l\u0131ndan bu yana\u00a0Unilever T\u00fcrkiye, Orta Asya ve Iran Hukuktan Sorumlu Ba\u015fkan Yard\u0131mc\u0131s\u0131 g\u00f6revini y\u00fcr\u00fcten Av. Ebru G\u00fcrdemir,\u00a0farkl\u0131 sekt\u00f6rlerde ve geni\u015f co\u011frafyalarda edindi\u011fi uzun bir tecr\u00fcbeye sahiptir. Kariyerinde g\u00f6rev alma f\u0131rsat\u0131 buldu\u011fu t\u00fcm [&hellip;]<\/p>\n","protected":false},"author":497,"featured_media":0,"parent":1166,"menu_order":0,"comment_status":"closed","ping_status":"closed","template":"elementor_header_footer","meta":{"_bbp_topic_count":0,"_bbp_reply_count":0,"_bbp_total_topic_count":0,"_bbp_total_reply_count":0,"_bbp_voice_count":0,"_bbp_anonymous_reply_count":0,"_bbp_topic_count_hidden":0,"_bbp_reply_count_hidden":0,"_bbp_forum_subforum_count":0,"footnotes":""},"class_list":["post-1732","page","type-page","status-publish","hentry"],"_links":{"self":[{"href":"https:\/\/teidakademi.com\/index.php\/wp-json\/wp\/v2\/pages\/1732","targetHints":{"allow":["GET"]}}],"collection":[{"href":"https:\/\/teidakademi.com\/index.php\/wp-json\/wp\/v2\/pages"}],"about":[{"href":"https:\/\/teidakademi.com\/index.php\/wp-json\/wp\/v2\/types\/page"}],"author":[{"embeddable":true,"href":"https:\/\/teidakademi.com\/index.php\/wp-json\/wp\/v2\/users\/497"}],"replies":[{"embeddable":true,"href":"https:\/\/teidakademi.com\/index.php\/wp-json\/wp\/v2\/comments?post=1732"}],"version-history":[{"count":0,"href":"https:\/\/teidakademi.com\/index.php\/wp-json\/wp\/v2\/pages\/1732\/revisions"}],"up":[{"embeddable":true,"href":"https:\/\/teidakademi.com\/index.php\/wp-json\/wp\/v2\/pages\/1166"}],"wp:attachment":[{"href":"https:\/\/teidakademi.com\/index.php\/wp-json\/wp\/v2\/media?parent=1732"}],"curies":[{"name":"wp","href":"https:\/\/api.w.org\/{rel}","templated":true}]}}