{"id":49578,"date":"2026-09-02T14:53:35","date_gmt":"2026-09-02T11:53:35","guid":{"rendered":"https:\/\/teidakademi.com\/?page_id=49578"},"modified":"2026-09-02T14:58:34","modified_gmt":"2026-09-02T11:58:34","slug":"referanslar","status":"publish","type":"page","link":"https:\/\/teidakademi.com\/index.php\/referanslar\/","title":{"rendered":"REFERANSLAR"},"content":{"rendered":"\t\t<div data-elementor-type=\"wp-page\" data-elementor-id=\"49578\" class=\"elementor elementor-49578\" data-elementor-settings=\"{&quot;ha_cmc_init_switcher&quot;:&quot;no&quot;}\" data-elementor-post-type=\"page\">\n\t\t\t\t<div class=\"elementor-element elementor-element-b209f8d e-flex e-con-boxed e-con e-parent\" data-id=\"b209f8d\" data-element_type=\"container\" data-e-type=\"container\" data-settings=\"{&quot;_ha_eqh_enable&quot;:false}\">\n\t\t\t\t\t<div class=\"e-con-inner\">\n\t\t\t\t<div class=\"elementor-element elementor-element-aa87c3d elementor-widget elementor-widget-heading\" data-id=\"aa87c3d\" data-element_type=\"widget\" data-e-type=\"widget\" data-widget_type=\"heading.default\">\n\t\t\t\t<div class=\"elementor-widget-container\">\n\t\t\t\t\t<h2 class=\"elementor-heading-title elementor-size-default\">TE\u0130D Akademi Kat\u0131l\u0131mc\u0131 ve E\u011fitmen G\u00f6r\u00fc\u015fleri<\/h2>\t\t\t\t<\/div>\n\t\t\t\t<\/div>\n\t\t\t\t\t<\/div>\n\t\t\t\t<\/div>\n\t\t<div class=\"elementor-element elementor-element-f88ef71 e-grid e-con-boxed e-con e-parent\" data-id=\"f88ef71\" data-element_type=\"container\" data-e-type=\"container\" data-settings=\"{&quot;_ha_eqh_enable&quot;:false}\">\n\t\t\t\t\t<div class=\"e-con-inner\">\n\t\t<div class=\"elementor-element elementor-element-d39000d e-con-full e-flex e-con e-child\" data-id=\"d39000d\" data-element_type=\"container\" data-e-type=\"container\" data-settings=\"{&quot;_ha_eqh_enable&quot;:false}\">\n\t\t\t\t<div class=\"elementor-element elementor-element-32ed359 elementor-blockquote--skin-border elementor-widget elementor-widget-blockquote\" data-id=\"32ed359\" data-element_type=\"widget\" data-e-type=\"widget\" data-widget_type=\"blockquote.default\">\n\t\t\t\t<div class=\"elementor-widget-container\">\n\t\t\t\t\t\t\t<blockquote class=\"elementor-blockquote\">\n\t\t\t<p class=\"elementor-blockquote__content\">\n\t\t\t\t\u2018\u2019TE\u0130D Akademi, etik ve uyum alan\u0131ndaki temel kavramlar\u0131 sistematik bir \u00e7er\u00e7evede ele al\u0131rken, farkl\u0131 sekt\u00f6rlerden kat\u0131l\u0131mc\u0131larla deneyim payla\u015f\u0131m\u0131 yapma f\u0131rsat\u0131 sunan faydal\u0131 bir programd\u0131. E\u011fitim, uygulamadaki bak\u0131\u015f a\u00e7\u0131m\u0131 geli\u015ftirmeme katk\u0131 sa\u011flad\u0131. Bu nedenle etik ve uyum alan\u0131nda kendini geli\u015ftirmek isteyen profesyoneller i\u00e7in de\u011ferli bir e\u011fitim oldu\u011funu d\u00fc\u015f\u00fcn\u00fcyorum.\u2019\u2019\t\t\t<\/p>\n\t\t\t\t\t\t\t<div class=\"e-q-footer\">\n\t\t\t\t\t\t\t\t\t\t\t<cite class=\"elementor-blockquote__author\">Asuman G\u00f6z\u00fca\u00e7\u0131k \/ Hukuk \u0130\u015fleri Y\u00f6neticisi \/ Anadolu Isuzu \/ 17. D\u00f6nem Mezunu<\/cite>\n\t\t\t\t\t\t\t\t\t\t\t\t\t\t<\/div>\n\t\t\t\t\t<\/blockquote>\n\t\t\t\t\t\t<\/div>\n\t\t\t\t<\/div>\n\t\t\t\t<\/div>\n\t\t<div class=\"elementor-element elementor-element-10b46dd e-con-full e-flex e-con e-child\" data-id=\"10b46dd\" data-element_type=\"container\" data-e-type=\"container\" data-settings=\"{&quot;shape_divider_top&quot;:&quot;mountains&quot;,&quot;_ha_eqh_enable&quot;:false}\">\n\t\t\t\t<div class=\"elementor-shape elementor-shape-top\" aria-hidden=\"true\" data-negative=\"false\">\n\t\t\t<svg xmlns=\"http:\/\/www.w3.org\/2000\/svg\" viewBox=\"0 0 1000 100\" preserveAspectRatio=\"none\">\n\t<path class=\"elementor-shape-fill\" opacity=\"0.33\" d=\"M473,67.3c-203.9,88.3-263.1-34-320.3,0C66,119.1,0,59.7,0,59.7V0h1000v59.7 c0,0-62.1,26.1-94.9,29.3c-32.8,3.3-62.8-12.3-75.8-22.1C806,49.6,745.3,8.7,694.9,4.7S492.4,59,473,67.3z\"\/>\n\t<path class=\"elementor-shape-fill\" opacity=\"0.66\" d=\"M734,67.3c-45.5,0-77.2-23.2-129.1-39.1c-28.6-8.7-150.3-10.1-254,39.1 s-91.7-34.4-149.2,0C115.7,118.3,0,39.8,0,39.8V0h1000v36.5c0,0-28.2-18.5-92.1-18.5C810.2,18.1,775.7,67.3,734,67.3z\"\/>\n\t<path class=\"elementor-shape-fill\" d=\"M766.1,28.9c-200-57.5-266,65.5-395.1,19.5C242,1.8,242,5.4,184.8,20.6C128,35.8,132.3,44.9,89.9,52.5C28.6,63.7,0,0,0,0 h1000c0,0-9.9,40.9-83.6,48.1S829.6,47,766.1,28.9z\"\/>\n<\/svg>\t\t<\/div>\n\t\t\t\t<div class=\"elementor-element elementor-element-dcd4a40 elementor-blockquote--align-left elementor-blockquote--skin-border elementor-widget elementor-widget-blockquote\" data-id=\"dcd4a40\" data-element_type=\"widget\" data-e-type=\"widget\" data-widget_type=\"blockquote.default\">\n\t\t\t\t<div class=\"elementor-widget-container\">\n\t\t\t\t\t\t\t<blockquote class=\"elementor-blockquote\">\n\t\t\t<p class=\"elementor-blockquote__content\">\n\t\t\t\t\u2018\u201920 y\u0131la yak\u0131nd\u0131r s\u00fcrd\u00fcrd\u00fc\u011f\u00fcm i\u00e7 denetim mesle\u011fi bana s\u00fcre\u00e7lere risk, kontrol ve g\u00fcvence perspektifinden bakmay\u0131; sorunlar\u0131 kan\u0131ta dayal\u0131 \u015fekilde analiz etmeyi ve organizasyonun hedeflerine ula\u015fmas\u0131n\u0131 etkileyebilecek riskleri sistematik olarak de\u011ferlendirmeyi \u00f6\u011fretti. TE\u0130D Akademi ise bu bak\u0131\u015f a\u00e7\u0131s\u0131n\u0131 etik ve uyum perspektifiyle tamamlad\u0131. Program sayesinde yaln\u0131zca ortaya \u00e7\u0131km\u0131\u015f riskleri ve kontrol zafiyetlerini tespit etmenin de\u011fil, bu risklerin daha en ba\u015fta nas\u0131l \u00f6nlenebilece\u011fini ve g\u00fc\u00e7l\u00fc bir etik ve uyum yap\u0131s\u0131n\u0131n nas\u0131l kurulabilece\u011fini daha b\u00fct\u00fcnc\u00fcl \u015fekilde g\u00f6rme f\u0131rsat\u0131 buldum. Benim i\u00e7in program\u0131n en \u00f6nemli katk\u0131lar\u0131ndan biri, uyum fonksiyonuna bak\u0131\u015f\u0131m\u0131 geni\u015fletmesi oldu. Uyumun yaln\u0131zca mevzuata uygunlukla s\u0131n\u0131rl\u0131 olmad\u0131\u011f\u0131n\u0131, etik k\u00fclt\u00fcr\u00fcn geli\u015ftirilmesi, \u00fc\u00e7\u00fcnc\u00fc taraf risklerinin y\u00f6netilmesi, etkin ihbar ve soru\u015fturma mekanizmalar\u0131n\u0131n kurulmas\u0131, \u00e7al\u0131\u015fan fark\u0131ndal\u0131\u011f\u0131n\u0131n art\u0131r\u0131lmas\u0131 ve t\u00fcm bu alanlar\u0131n \u00f6l\u00e7\u00fclebilir bir sistem i\u00e7inde y\u00f6netilmesi gerekti\u011fini \u00e7ok daha net g\u00f6rd\u00fcm. Bir denet\u00e7i olarak sahip oldu\u011fum sorgulay\u0131c\u0131 ve risk odakl\u0131 yakla\u015f\u0131m\u0131n TE\u0130D Akademi\u2019nin sundu\u011fu metodoloji ve uygulama perspektifiyle birle\u015fmesinin, beni etik ve uyum alan\u0131ndaki sorumluluklara hem mesleki hem de zihinsel olarak \u00e7ok daha g\u00fc\u00e7l\u00fc haz\u0131rlad\u0131\u011f\u0131n\u0131 d\u00fc\u015f\u00fcn\u00fcyorum.\u2019\u2019\t\t\t<\/p>\n\t\t\t\t\t\t\t<div class=\"e-q-footer\">\n\t\t\t\t\t\t\t\t\t\t\t<cite class=\"elementor-blockquote__author\">Atilla Tombulo\u011flu \/ \u0130\u00e7 Denetim Kurumsal Risk ve Uyum Direkt\u00f6r\u00fc \/ Koluman Holding \/ 16. D\u00f6nem Mezunu<\/cite>\n\t\t\t\t\t\t\t\t\t\t\t\t\t\t<\/div>\n\t\t\t\t\t<\/blockquote>\n\t\t\t\t\t\t<\/div>\n\t\t\t\t<\/div>\n\t\t\t\t<\/div>\n\t\t\t\t\t<\/div>\n\t\t\t\t<\/div>\n\t\t<div class=\"elementor-element elementor-element-6020336 e-grid e-con-boxed e-con e-parent\" data-id=\"6020336\" data-element_type=\"container\" data-e-type=\"container\" data-settings=\"{&quot;_ha_eqh_enable&quot;:false}\">\n\t\t\t\t\t<div class=\"e-con-inner\">\n\t\t<div class=\"elementor-element elementor-element-0a340ad e-con-full e-flex e-con e-child\" data-id=\"0a340ad\" data-element_type=\"container\" data-e-type=\"container\" data-settings=\"{&quot;_ha_eqh_enable&quot;:false}\">\n\t\t\t\t<div class=\"elementor-element elementor-element-372d0ca elementor-blockquote--skin-border elementor-widget elementor-widget-blockquote\" data-id=\"372d0ca\" data-element_type=\"widget\" data-e-type=\"widget\" data-widget_type=\"blockquote.default\">\n\t\t\t\t<div class=\"elementor-widget-container\">\n\t\t\t\t\t\t\t<blockquote class=\"elementor-blockquote\">\n\t\t\t<p class=\"elementor-blockquote__content\">\n\t\t\t\t\u2018\u2019TE\u0130D Akademi \u201cKurumsal Etik ve Uyum Y\u00f6netimi\u201d program\u0131, kurum i\u00e7i hukuk ve uyum s\u00fcre\u00e7lerine daha b\u00fct\u00fcnc\u00fcl ve sistematik bir bak\u0131\u015f a\u00e7\u0131s\u0131yla yakla\u015fmam\u0131 sa\u011flayan son derece de\u011ferli bir deneyim oldu. Program kapsam\u0131nda edindi\u011fim bilgiler; rekabet hukuku, r\u00fc\u015fvet ve yolsuzlukla m\u00fccadele, ki\u015fisel verilerin korunmas\u0131, kara para aklaman\u0131n \u00f6nlenmesi ve i\u015f hukuku gibi farkl\u0131 alanlardaki e\u011fitim ve fark\u0131ndal\u0131k \u00e7al\u0131\u015fmalar\u0131n\u0131 risk temelli bir yakla\u015f\u0131mla planlamama \u00f6nemli katk\u0131 sa\u011flad\u0131. Ayr\u0131ca program, farkl\u0131 sekt\u00f6rlerden profesyonellerle tan\u0131\u015fmak ve kal\u0131c\u0131 bir ileti\u015fim a\u011f\u0131 olu\u015fturmak a\u00e7\u0131s\u0131ndan da olduk\u00e7a k\u0131ymetli bir f\u0131rsat sundu. Alan\u0131nda deneyimli \u00fcst d\u00fczey y\u00f6neticilerden, kendi mesleki deneyimlerine ve kar\u015f\u0131la\u015ft\u0131klar\u0131 somut vakalara dayanan \u00f6rnekleri dinlemek, teorik bilgilerin i\u015f hayat\u0131ndaki uygulamalar\u0131n\u0131 daha iyi anlamam\u0131 sa\u011flad\u0131. \u00d6zellikle hukuki d\u00fczenlemelerin \u00e7al\u0131\u015fanlar taraf\u0131ndan anla\u015f\u0131labilir, g\u00fcnl\u00fck i\u015f s\u00fcre\u00e7leriyle ili\u015fkilendirilebilir ve s\u00fcrd\u00fcr\u00fclebilir bir uyum k\u00fclt\u00fcr\u00fcne d\u00f6n\u00fc\u015ft\u00fcr\u00fclebilir \u015fekilde aktar\u0131lmas\u0131 konusunda program\u0131n kazand\u0131rd\u0131\u011f\u0131 perspektiften mesleki \u00e7al\u0131\u015fmalar\u0131mda h\u00e2len yararlan\u0131yorum.\u2019\u2019\t\t\t<\/p>\n\t\t\t\t\t\t\t<div class=\"e-q-footer\">\n\t\t\t\t\t\t\t\t\t\t\t<cite class=\"elementor-blockquote__author\">Aysu Ta\u015far \/ Legal &amp; Compliance Counsel \/ Diageo \/ 15. D\u00f6nem Mezunu<\/cite>\n\t\t\t\t\t\t\t\t\t\t\t\t\t\t<\/div>\n\t\t\t\t\t<\/blockquote>\n\t\t\t\t\t\t<\/div>\n\t\t\t\t<\/div>\n\t\t\t\t<\/div>\n\t\t<div class=\"elementor-element elementor-element-5f02abf e-con-full e-flex e-con e-child\" data-id=\"5f02abf\" data-element_type=\"container\" data-e-type=\"container\" data-settings=\"{&quot;_ha_eqh_enable&quot;:false}\">\n\t\t\t\t<div class=\"elementor-element elementor-element-b8ec920 elementor-blockquote--skin-border elementor-widget elementor-widget-blockquote\" data-id=\"b8ec920\" data-element_type=\"widget\" data-e-type=\"widget\" data-widget_type=\"blockquote.default\">\n\t\t\t\t<div class=\"elementor-widget-container\">\n\t\t\t\t\t\t\t<blockquote class=\"elementor-blockquote\">\n\t\t\t<p class=\"elementor-blockquote__content\">\n\t\t\t\t\u2018\u2019TE\u0130D Akademi 17. D\u00f6nem mezunu olarak, \"Kurumsal Etik ve Uyum Y\u00f6netimi\" program\u0131n\u0131n, etik ve uyum alan\u0131nda gerek teorik bilgi gerekse de uygulamaya y\u00f6nelik yetkinlik kazand\u0131ran kapsaml\u0131 bir e\u011fitim sundu\u011funu d\u00fc\u015f\u00fcnmekteyim. Program boyunca sa\u011flanan d\u00fczenli ileti\u015fimin, g\u00fcncel i\u00e7eriklerin ve \u00f6zellikle InPracticum \u00e7al\u0131\u015fmalar\u0131n\u0131n g\u00fcnl\u00fck i\u015f hayat\u0131na ve kurumsal s\u00fcre\u00e7lere etkin \u015fekilde aktar\u0131lmas\u0131na \u00f6nemli katk\u0131 sa\u011flad\u0131\u011f\u0131 kanaatindeyim. Etik ve uyum alan\u0131nda uzmanla\u015fmak veyahut mevcut bilgi birikimini geli\u015ftirmek isteyen t\u00fcm avukat meslekta\u015flar\u0131ma ve ilgili t\u00fcm profesyonellere TE\u0130D Akademi'yi tavsiye eder, TE\u0130D ailesine bu g\u00fczel katk\u0131 ve \u00e7al\u0131\u015fmalar\u0131 i\u00e7in te\u015fekk\u00fcr ederim.\u2019\u2019\t\t\t<\/p>\n\t\t\t\t\t\t\t<div class=\"e-q-footer\">\n\t\t\t\t\t\t\t\t\t\t\t<cite class=\"elementor-blockquote__author\">Ba\u015fak G\u00fclhan \/ Avukat \/ Anadolu Isuzu \/ 17. D\u00f6nem Mezunu<\/cite>\n\t\t\t\t\t\t\t\t\t\t\t\t\t\t<\/div>\n\t\t\t\t\t<\/blockquote>\n\t\t\t\t\t\t<\/div>\n\t\t\t\t<\/div>\n\t\t\t\t<\/div>\n\t\t\t\t\t<\/div>\n\t\t\t\t<\/div>\n\t\t<div class=\"elementor-element elementor-element-da238ff e-grid e-con-boxed e-con e-parent\" data-id=\"da238ff\" data-element_type=\"container\" data-e-type=\"container\" data-settings=\"{&quot;_ha_eqh_enable&quot;:false}\">\n\t\t\t\t\t<div class=\"e-con-inner\">\n\t\t<div class=\"elementor-element elementor-element-4456fb8 e-con-full e-flex e-con e-child\" data-id=\"4456fb8\" data-element_type=\"container\" data-e-type=\"container\" data-settings=\"{&quot;_ha_eqh_enable&quot;:false}\">\n\t\t\t\t<div class=\"elementor-element elementor-element-6880974 elementor-blockquote--skin-border elementor-widget elementor-widget-blockquote\" data-id=\"6880974\" data-element_type=\"widget\" data-e-type=\"widget\" data-widget_type=\"blockquote.default\">\n\t\t\t\t<div class=\"elementor-widget-container\">\n\t\t\t\t\t\t\t<blockquote class=\"elementor-blockquote\">\n\t\t\t<p class=\"elementor-blockquote__content\">\n\t\t\t\t\u201cTE\u0130D Akademi Kurumsal Etik ve Uyum Y\u00f6netimi Program\u0131, etik ve uyum alan\u0131n\u0131 yaln\u0131zca teorik bilgiler \u00fczerinden de\u011fil, uygulamaya y\u00f6nelik \u00f6rnekler, g\u00fcncel vakalar ve farkl\u0131 sekt\u00f6rlerden kat\u0131l\u0131mc\u0131lar\u0131n deneyimleriyle birlikte ele alan olduk\u00e7a kapsaml\u0131 bir programd\u0131. Hukuk alan\u0131ndaki mesleki deneyimimi etik ve uyum perspektifiyle yeniden de\u011ferlendirmeme, \u00f6zellikle \u00fc\u00e7\u00fcnc\u00fc taraf risklerinin y\u00f6netimi konusunda daha sistematik ve b\u00fct\u00fcnc\u00fcl bir bak\u0131\u015f a\u00e7\u0131s\u0131 kazanmama \u00f6nemli katk\u0131 sa\u011flad\u0131. Program kapsam\u0131nda haz\u0131rlad\u0131\u011f\u0131m\u0131z INpracticum \u00e7al\u0131\u015fmas\u0131 ise edinilen bilgilerin somut bir projeye d\u00f6n\u00fc\u015ft\u00fcr\u00fclmesi bak\u0131m\u0131ndan son derece \u00f6\u011fretici ve de\u011ferliydi.\u201d\t\t\t<\/p>\n\t\t\t\t\t\t\t<div class=\"e-q-footer\">\n\t\t\t\t\t\t\t\t\t\t\t<cite class=\"elementor-blockquote__author\">Berfim Ayd\u0131n Da\u011f \/ Hukuk ve Bedeni Hasarlar M\u00fcd\u00fcr\u00fc \/ Koru Sigorta \/ 19. D\u00f6nem Mezunu<\/cite>\n\t\t\t\t\t\t\t\t\t\t\t\t\t\t<\/div>\n\t\t\t\t\t<\/blockquote>\n\t\t\t\t\t\t<\/div>\n\t\t\t\t<\/div>\n\t\t\t\t<\/div>\n\t\t<div class=\"elementor-element elementor-element-614b129 e-con-full e-flex e-con e-child\" data-id=\"614b129\" data-element_type=\"container\" data-e-type=\"container\" data-settings=\"{&quot;_ha_eqh_enable&quot;:false}\">\n\t\t\t\t<div class=\"elementor-element elementor-element-16211a7 elementor-blockquote--skin-border elementor-widget elementor-widget-blockquote\" data-id=\"16211a7\" data-element_type=\"widget\" data-e-type=\"widget\" data-widget_type=\"blockquote.default\">\n\t\t\t\t<div class=\"elementor-widget-container\">\n\t\t\t\t\t\t\t<blockquote class=\"elementor-blockquote\">\n\t\t\t<p class=\"elementor-blockquote__content\">\n\t\t\t\t\u201cTE\u0130D Akademi \u201cKurumsal Etik ve Uyum Y\u00f6netimi\u201d program\u0131, etik ve uyum alan\u0131ndaki bilgi ve bak\u0131\u015f a\u00e7\u0131m\u0131 geli\u015ftirmeme \u00f6nemli katk\u0131 sa\u011flad\u0131. Alan\u0131nda uzman e\u011fitmenler, g\u00fcncel \u00e7al\u0131\u015fmalar ve farkl\u0131 sekt\u00f6rlerden profesyonellerle ger\u00e7ekle\u015ftirilen payla\u015f\u0131mlar sayesinde edindi\u011fim kazan\u0131mlar\u0131 bug\u00fcn mesleki uygulamalar\u0131mda aktif olarak kullan\u0131yorum. Etik ve uyum alan\u0131nda geli\u015fmek isteyen profesyonellere g\u00f6n\u00fcl rahatl\u0131\u011f\u0131yla tavsiye ederim\u201d\t\t\t<\/p>\n\t\t\t\t\t\t\t<div class=\"e-q-footer\">\n\t\t\t\t\t\t\t\t\t\t\t<cite class=\"elementor-blockquote__author\">Cansu Karakaya D\u00fcndar \/ M\u00fcd\u00fcr \/ Migros \/ 19. D\u00f6nem Mezunu<\/cite>\n\t\t\t\t\t\t\t\t\t\t\t\t\t\t<\/div>\n\t\t\t\t\t<\/blockquote>\n\t\t\t\t\t\t<\/div>\n\t\t\t\t<\/div>\n\t\t\t\t<\/div>\n\t\t\t\t\t<\/div>\n\t\t\t\t<\/div>\n\t\t<div class=\"elementor-element elementor-element-a1d6ac5 e-grid e-con-boxed e-con e-parent\" data-id=\"a1d6ac5\" data-element_type=\"container\" data-e-type=\"container\" data-settings=\"{&quot;_ha_eqh_enable&quot;:false}\">\n\t\t\t\t\t<div class=\"e-con-inner\">\n\t\t<div class=\"elementor-element elementor-element-1875d2a e-con-full e-flex e-con e-child\" data-id=\"1875d2a\" data-element_type=\"container\" data-e-type=\"container\" data-settings=\"{&quot;_ha_eqh_enable&quot;:false}\">\n\t\t\t\t<div class=\"elementor-element elementor-element-37882a5 elementor-blockquote--skin-border elementor-widget elementor-widget-blockquote\" data-id=\"37882a5\" data-element_type=\"widget\" data-e-type=\"widget\" data-widget_type=\"blockquote.default\">\n\t\t\t\t<div class=\"elementor-widget-container\">\n\t\t\t\t\t\t\t<blockquote class=\"elementor-blockquote\">\n\t\t\t<p class=\"elementor-blockquote__content\">\n\t\t\t\t\u2018\u2019TE\u0130D Akademi\u2019nin Kurumsal Etik ve Uyum Y\u00f6netimi Program\u0131 benim i\u00e7in son derece de\u011ferli ve ilham verici bir deneyim oldu. Program boyunca etik ve uyum konular\u0131n\u0131 yaln\u0131zca teorik a\u00e7\u0131dan de\u011fil, ger\u00e7ek i\u015f ya\u015fam\u0131ndaki uygulamalar\u0131yla birlikte de\u011ferlendirme f\u0131rsat\u0131 buldum. Alan\u0131nda uzman e\u011fitmenlerin bilgi ve deneyimlerini payla\u015fmas\u0131, farkl\u0131 sekt\u00f6rlerden profesyonellerle bir araya gelerek bak\u0131\u015f a\u00e7\u0131lar\u0131m\u0131z\u0131 zenginle\u015ftirmemiz program\u0131 \u00e7ok daha k\u0131ymetli hale getirdi. E\u011fitim sonunda hem etik ve uyum konular\u0131ndaki bilgi birikimimi geli\u015ftirdi\u011fimi hem de bu alandaki \u00e7al\u0131\u015fmalar\u0131m i\u00e7in yeni bak\u0131\u015f a\u00e7\u0131lar\u0131 kazand\u0131\u011f\u0131m\u0131 hissediyorum. Etik k\u00fclt\u00fcr\u00fcn\u00fc kurumlar\u0131nda g\u00fc\u00e7lendirmek isteyen t\u00fcm profesyonellere g\u00f6n\u00fclden tavsiye ederim.\u2019\u2019\t\t\t<\/p>\n\t\t\t\t\t\t\t<div class=\"e-q-footer\">\n\t\t\t\t\t\t\t\t\t\t\t<cite class=\"elementor-blockquote__author\">\u00c7i\u011fdem \u00c7apa \/ Human Resources &amp; Ethics Management Senior Manager \/ Arkas Line \/ 17. D\u00f6nem Mezunu<\/cite>\n\t\t\t\t\t\t\t\t\t\t\t\t\t\t<\/div>\n\t\t\t\t\t<\/blockquote>\n\t\t\t\t\t\t<\/div>\n\t\t\t\t<\/div>\n\t\t\t\t<\/div>\n\t\t<div class=\"elementor-element elementor-element-d038c84 e-con-full e-flex e-con e-child\" data-id=\"d038c84\" data-element_type=\"container\" data-e-type=\"container\" data-settings=\"{&quot;_ha_eqh_enable&quot;:false}\">\n\t\t\t\t<div class=\"elementor-element elementor-element-c9eef69 elementor-blockquote--skin-border elementor-widget elementor-widget-blockquote\" data-id=\"c9eef69\" data-element_type=\"widget\" data-e-type=\"widget\" data-widget_type=\"blockquote.default\">\n\t\t\t\t<div class=\"elementor-widget-container\">\n\t\t\t\t\t\t\t<blockquote class=\"elementor-blockquote\">\n\t\t\t<p class=\"elementor-blockquote__content\">\n\t\t\t\t\u2018\u2019TE\u0130D Akademi 17.D\u00f6nem mezunu olarak belirtmeliyim ki akademinin sa\u011flam\u0131\u015f oldu\u011fu bu e\u011fitim; etik ve uyum konular\u0131ndaki bilgilerimi geli\u015ftirmeme ve bu alan\u0131 daha b\u00fct\u00fcnc\u00fcl bir bak\u0131\u015f a\u00e7\u0131s\u0131yla de\u011ferlendirmeme katk\u0131 sa\u011flad\u0131. Program sayesinde alan\u0131nda de\u011ferli ve deneyimli ki\u015filerle tan\u0131\u015fma, farkl\u0131 g\u00f6r\u00fc\u015f ve deneyimlerden faydalanma f\u0131rsat\u0131 buldum. Ayr\u0131ca TE\u0130D\u2019in d\u00fczenledi\u011fi etkinliklere kat\u0131larak e\u011fitim s\u00fcrecinde edindi\u011fim bilgileri peki\u015ftirme ve g\u00fcncel geli\u015fmeleri takip etme imk\u00e2n\u0131 elde ettim. Benim i\u00e7in hem mesleki hem de ki\u015fisel a\u00e7\u0131dan olduk\u00e7a faydal\u0131 ve keyifli bir deneyim oldu.\u2019\u2019\t\t\t<\/p>\n\t\t\t\t\t\t\t<div class=\"e-q-footer\">\n\t\t\t\t\t\t\t\t\t\t\t<cite class=\"elementor-blockquote__author\">Duygu \u00c7olak \/ \u0130nsan Kaynaklar\u0131 Uzman\u0131 \/ Best Transformer \/ 17. D\u00f6nem Mezunu<\/cite>\n\t\t\t\t\t\t\t\t\t\t\t\t\t\t<\/div>\n\t\t\t\t\t<\/blockquote>\n\t\t\t\t\t\t<\/div>\n\t\t\t\t<\/div>\n\t\t\t\t<\/div>\n\t\t\t\t\t<\/div>\n\t\t\t\t<\/div>\n\t\t<div class=\"elementor-element elementor-element-d722917 e-grid e-con-boxed e-con e-parent\" data-id=\"d722917\" data-element_type=\"container\" data-e-type=\"container\" data-settings=\"{&quot;_ha_eqh_enable&quot;:false}\">\n\t\t\t\t\t<div class=\"e-con-inner\">\n\t\t<div class=\"elementor-element elementor-element-7355c4c e-con-full e-flex e-con e-child\" data-id=\"7355c4c\" data-element_type=\"container\" data-e-type=\"container\" data-settings=\"{&quot;_ha_eqh_enable&quot;:false}\">\n\t\t\t\t<div class=\"elementor-element elementor-element-d977834 elementor-blockquote--skin-border elementor-widget elementor-widget-blockquote\" data-id=\"d977834\" data-element_type=\"widget\" data-e-type=\"widget\" data-widget_type=\"blockquote.default\">\n\t\t\t\t<div class=\"elementor-widget-container\">\n\t\t\t\t\t\t\t<blockquote class=\"elementor-blockquote\">\n\t\t\t<p class=\"elementor-blockquote__content\">\n\t\t\t\t\u201cBu meslek grubunda \u00e7ok yeni oldu\u011fum ve hen\u00fcz g\u00f6revimin 2. ay\u0131nda iken TEID Akademi ile tan\u0131\u015ft\u0131m. 59 saatlik yo\u011fun ve \u00e7ok verimli bir e\u011fitim program\u0131 deneyimledim.TEID 19. D\u00f6nem mezunu olarak, uyum y\u00f6netimi ve kurumsal d\u00fcr\u00fcstl\u00fck konular\u0131nda de\u011ferli bilgiler edinme f\u0131rsat\u0131 buldum.Etik k\u00fclt\u00fcr\u00fcn ve uyum s\u00fcre\u00e7lerinin kurumlar\u0131n s\u00fcrd\u00fcr\u00fclebilir ba\u015far\u0131s\u0131ndaki kritik rol\u00fcn\u00fc daha yak\u0131ndan inceleme imk\u00e2n\u0131 bulmak benim i\u00e7in olduk\u00e7a k\u0131ymetliydi. Bilginin payla\u015f\u0131ld\u0131k\u00e7a de\u011fer kazand\u0131\u011f\u0131na inan\u0131yor, \u00f6\u011frendiklerimi i\u015f hayat\u0131ma yans\u0131tmak i\u00e7in sab\u0131rs\u0131zlan\u0131yorum.Bu de\u011ferli program\u0131 d\u00fczenleyen TE\u0130D Akademi\u2019ye, e\u011fitmenlerimize ve katk\u0131 sa\u011flayan t\u00fcm profesyonellere te\u015fekk\u00fcr ederim.\u201d\t\t\t<\/p>\n\t\t\t\t\t\t\t<div class=\"e-q-footer\">\n\t\t\t\t\t\t\t\t\t\t\t<cite class=\"elementor-blockquote__author\">Ebru Demir Kaya \/ \u0130\u00e7 Kontrol, Etik ve Uyum M\u00fcd\u00fcr Yard\u0131mc\u0131s\u0131 \/ At\u00fc Turizm \u0130\u015fletmeci\u011fi A.\u015e. \/ 19. D\u00f6nem Mezunu<\/cite>\n\t\t\t\t\t\t\t\t\t\t\t\t\t\t<\/div>\n\t\t\t\t\t<\/blockquote>\n\t\t\t\t\t\t<\/div>\n\t\t\t\t<\/div>\n\t\t\t\t<\/div>\n\t\t<div class=\"elementor-element elementor-element-c6071df e-con-full e-flex e-con e-child\" data-id=\"c6071df\" data-element_type=\"container\" data-e-type=\"container\" data-settings=\"{&quot;_ha_eqh_enable&quot;:false}\">\n\t\t\t\t<div class=\"elementor-element elementor-element-d0dd24d elementor-blockquote--skin-border elementor-widget elementor-widget-blockquote\" data-id=\"d0dd24d\" data-element_type=\"widget\" data-e-type=\"widget\" data-widget_type=\"blockquote.default\">\n\t\t\t\t<div class=\"elementor-widget-container\">\n\t\t\t\t\t\t\t<blockquote class=\"elementor-blockquote\">\n\t\t\t<p class=\"elementor-blockquote__content\">\n\t\t\t\t\u2018\u2019TE\u0130D Akademi \u201cKurumsal Etik ve Uyum Y\u00f6netimi\u201d program\u0131, etik ve uyum alan\u0131ndaki bilgi ve bak\u0131\u015f a\u00e7\u0131m\u0131 geli\u015ftirmemde \u00f6nemli katk\u0131 sa\u011flad\u0131. Program\u0131n kapsaml\u0131 i\u00e7eri\u011fi, alan\u0131nda uzman e\u011fitmenleri ve uygulamaya d\u00f6n\u00fck yakla\u015f\u0131m\u0131 sayesinde kurumsal etik k\u00fclt\u00fcr\u00fc, uyum risklerinin y\u00f6netimi ve etik karar alma s\u00fcre\u00e7lerine ili\u015fkin de\u011ferli kazan\u0131mlar elde ettim. Farkl\u0131 sekt\u00f6rlerden profesyonellerle deneyim payla\u015f\u0131m\u0131 yapma imk\u00e2n\u0131 da program\u0131n en k\u0131ymetli y\u00f6nlerinden biriydi. Bug\u00fcn mesleki hayat\u0131mda etik ve uyum konular\u0131n\u0131 daha b\u00fct\u00fcnc\u00fcl bir perspektifle de\u011ferlendirebilmemde TE\u0130D Akademi\u2019nin \u00f6nemli bir katk\u0131s\u0131 oldu\u011funu d\u00fc\u015f\u00fcn\u00fcyorum.\u2019\u2019\t\t\t<\/p>\n\t\t\t\t\t\t\t<div class=\"e-q-footer\">\n\t\t\t\t\t\t\t\t\t\t\t<cite class=\"elementor-blockquote__author\">Evren F\u0131rat \/ Hukuk \u0130\u015fleri Uzman\u0131 \/ T\u00fcpra\u015f \/ 19. D\u00f6nem Mezunu<\/cite>\n\t\t\t\t\t\t\t\t\t\t\t\t\t\t<\/div>\n\t\t\t\t\t<\/blockquote>\n\t\t\t\t\t\t<\/div>\n\t\t\t\t<\/div>\n\t\t\t\t<\/div>\n\t\t\t\t\t<\/div>\n\t\t\t\t<\/div>\n\t\t<div class=\"elementor-element elementor-element-b31fd45 e-grid e-con-boxed e-con e-parent\" data-id=\"b31fd45\" data-element_type=\"container\" data-e-type=\"container\" data-settings=\"{&quot;_ha_eqh_enable&quot;:false}\">\n\t\t\t\t\t<div class=\"e-con-inner\">\n\t\t<div class=\"elementor-element elementor-element-f31d0ff e-con-full e-flex e-con e-child\" data-id=\"f31d0ff\" data-element_type=\"container\" data-e-type=\"container\" data-settings=\"{&quot;_ha_eqh_enable&quot;:false}\">\n\t\t\t\t<div class=\"elementor-element elementor-element-09858c1 elementor-blockquote--skin-border elementor-widget elementor-widget-blockquote\" data-id=\"09858c1\" data-element_type=\"widget\" data-e-type=\"widget\" data-widget_type=\"blockquote.default\">\n\t\t\t\t<div class=\"elementor-widget-container\">\n\t\t\t\t\t\t\t<blockquote class=\"elementor-blockquote\">\n\t\t\t<p class=\"elementor-blockquote__content\">\n\t\t\t\t\u2018\u2019TE\u0130D Akademi \"Kurumsal Etik ve Uyum Y\u00f6netimi\" program\u0131, etik ve uyum k\u00fclt\u00fcr\u00fcn\u00fc yaln\u0131zca mevzuat perspektifinden de\u011fil, kurumsal y\u00f6netim anlay\u0131\u015f\u0131n\u0131n ayr\u0131lmaz bir par\u00e7as\u0131 olarak ele alan kapsaml\u0131 ve de\u011ferli bir e\u011fitim s\u00fcreci sundu. Program boyunca farkl\u0131 sekt\u00f6rlerden profesyonellerle bilgi ve deneyim payla\u015f\u0131m\u0131nda bulunma f\u0131rsat\u0131 yakalamak, bak\u0131\u015f a\u00e7\u0131m\u0131 zenginle\u015ftirirken iyi uygulama \u00f6rneklerini yak\u0131ndan incelememe de katk\u0131 sa\u011flad\u0131. \u0130nsan ve K\u00fclt\u00fcr Direkt\u00f6r\u00fc olarak, edindi\u011fim bilgi ve kazan\u0131mlar\u0131n kurumumuzda etik k\u00fclt\u00fcr\u00fcn\u00fcn g\u00fc\u00e7lendirilmesi, \u00e7al\u0131\u015fan fark\u0131ndal\u0131\u011f\u0131n\u0131n art\u0131r\u0131lmas\u0131 ve uyum s\u00fcre\u00e7lerinin geli\u015ftirilmesi ad\u0131na \u00f6nemli bir katk\u0131 sa\u011flad\u0131\u011f\u0131na inan\u0131yorum. Etik ve uyum alan\u0131nda yetkinli\u011fini geli\u015ftirmek isteyen t\u00fcm profesyonellere TE\u0130D Akademi program\u0131n\u0131 g\u00f6n\u00fcl rahatl\u0131\u011f\u0131yla tavsiye ederim.\u2019\u2019\t\t\t<\/p>\n\t\t\t\t\t\t\t<div class=\"e-q-footer\">\n\t\t\t\t\t\t\t\t\t\t\t<cite class=\"elementor-blockquote__author\">Fatma Bulut \/ \u0130nsan ve K\u00fclt\u00fcr Direkt\u00f6r\u00fc \/ IC Altyap\u0131 Grubu \/ 17. D\u00f6nem Mezunu<\/cite>\n\t\t\t\t\t\t\t\t\t\t\t\t\t\t<\/div>\n\t\t\t\t\t<\/blockquote>\n\t\t\t\t\t\t<\/div>\n\t\t\t\t<\/div>\n\t\t\t\t<\/div>\n\t\t<div class=\"elementor-element elementor-element-14af6a8 e-con-full e-flex e-con e-child\" data-id=\"14af6a8\" data-element_type=\"container\" data-e-type=\"container\" data-settings=\"{&quot;_ha_eqh_enable&quot;:false}\">\n\t\t\t\t<div class=\"elementor-element elementor-element-14aa628 elementor-blockquote--skin-border elementor-widget elementor-widget-blockquote\" data-id=\"14aa628\" data-element_type=\"widget\" data-e-type=\"widget\" data-widget_type=\"blockquote.default\">\n\t\t\t\t<div class=\"elementor-widget-container\">\n\t\t\t\t\t\t\t<blockquote class=\"elementor-blockquote\">\n\t\t\t<p class=\"elementor-blockquote__content\">\n\t\t\t\t\u201cTE\u0130D Akademi Kurumsal Etik ve Uyum Y\u00f6netimi Program\u0131, etik ve uyum alan\u0131nda kat\u0131ld\u0131\u011f\u0131m en nitelikli geli\u015fim programlar\u0131ndan biri oldu. Program\u0131 farkl\u0131 k\u0131lan unsur, kapsaml\u0131 i\u00e7eri\u011finin yan\u0131 s\u0131ra etik ve uyumu kurumsal y\u00f6netimin ayr\u0131lmaz bir par\u00e7as\u0131 olarak ele alan yakla\u015f\u0131m\u0131d\u0131r. Dersler, Inpracticum \u00e7al\u0131\u015fmalar\u0131 ve kat\u0131l\u0131mc\u0131 sunumlar\u0131 ile desteklenen yap\u0131, teorik bilginin uygulamaya d\u00f6n\u00fc\u015ft\u00fcr\u00fclmesini sa\u011flarken, farkl\u0131 sekt\u00f6rlerden profesyonellerle ger\u00e7ekle\u015ftirilen etkile\u015fimler \u00f6\u011frenme deneyimine \u00f6nemli bir derinlik kazand\u0131rmaktad\u0131r. Program, etik, uyum ve risk y\u00f6netimi konular\u0131n\u0131 daha stratejik ve b\u00fct\u00fcnc\u00fcl bir perspektiften de\u011ferlendirmeme katk\u0131 sa\u011flarken, g\u00fcncel uygulamalar\u0131 farkl\u0131 a\u00e7\u0131lardan analiz etme imk\u00e2n\u0131 da sundu. TE\u0130D Akademi'nin bu alanda olu\u015fturdu\u011fu y\u00fcksek standartlar\u0131n ve yeti\u015ftirdi\u011fi profesyonellerin \u00fclkemizde etik ve uyum k\u00fclt\u00fcr\u00fcn\u00fcn geli\u015fimine \u00f6nemli de\u011fer katt\u0131\u011f\u0131na inan\u0131yorum.\u201d\t\t\t<\/p>\n\t\t\t\t\t\t\t<div class=\"e-q-footer\">\n\t\t\t\t\t\t\t\t\t\t\t<cite class=\"elementor-blockquote__author\">G\u00fclh\u00fcda Koyuncu Dumankaya \/ Hukuk M\u00fc\u015faviri \/ Alarko Taahh\u00fct Grubu \/ 19. D\u00f6nem Mezunu<\/cite>\n\t\t\t\t\t\t\t\t\t\t\t\t\t\t<\/div>\n\t\t\t\t\t<\/blockquote>\n\t\t\t\t\t\t<\/div>\n\t\t\t\t<\/div>\n\t\t\t\t<\/div>\n\t\t\t\t\t<\/div>\n\t\t\t\t<\/div>\n\t\t<div class=\"elementor-element elementor-element-ecb6d77 e-grid e-con-boxed e-con e-parent\" data-id=\"ecb6d77\" data-element_type=\"container\" data-e-type=\"container\" data-settings=\"{&quot;_ha_eqh_enable&quot;:false}\">\n\t\t\t\t\t<div class=\"e-con-inner\">\n\t\t<div class=\"elementor-element elementor-element-98d85a8 e-con-full e-flex e-con e-child\" data-id=\"98d85a8\" data-element_type=\"container\" data-e-type=\"container\" data-settings=\"{&quot;_ha_eqh_enable&quot;:false}\">\n\t\t\t\t<div class=\"elementor-element elementor-element-6aca277 elementor-blockquote--skin-border elementor-widget elementor-widget-blockquote\" data-id=\"6aca277\" data-element_type=\"widget\" data-e-type=\"widget\" data-widget_type=\"blockquote.default\">\n\t\t\t\t<div class=\"elementor-widget-container\">\n\t\t\t\t\t\t\t<blockquote class=\"elementor-blockquote\">\n\t\t\t<p class=\"elementor-blockquote__content\">\n\t\t\t\t\u2018\u2019D\u00fcnyan\u0131n sava\u015flar ve sebep oldu\u011fu krizler neticesi ya\u015fanan g\u00f6\u00e7ler ekseninde \u00f6ncelikle k\u00fclt\u00fcrel sonras\u0131nda siyasi de\u011fi\u015fimlere maruz kald\u0131\u011f\u0131, kartlar\u0131n yeniden da\u011f\u0131t\u0131ld\u0131\u011f\u0131 bu d\u00f6nemde \u015firketlerin ihtiya\u00e7 duydu\u011fu sabiti bize hat\u0131rlatan ve nas\u0131l olmas\u0131 gerekti\u011fini sorgulayarak mevcut d\u00fczen i\u00e7in rehberlik sunan bu e\u011fitimden mesle\u011fe bak\u0131\u015f a\u00e7\u0131n\u0131z ayn\u0131 kalarak \u00e7\u0131kman\u0131z m\u00fcmk\u00fcn olmayacak. Nitekim \u015firketlere avukat olarak dan\u0131\u015fmanl\u0131k verirken, konkordato komiseri olarak i\u015flemleri g\u00f6zleyip denetlerken, kurumsal ilkelerin eksikli\u011finin yol a\u00e7t\u0131\u011f\u0131 sorunlar\u0131 bizzat i\u00e7eriden g\u00f6rme f\u0131rsat\u0131 buldum. Bu program, bu g\u00f6zlemi bir \u00e7er\u00e7eveye oturtacak dili bana kazand\u0131rd\u0131. \u0130hracat yapt\u0131r\u0131mlar\u0131ndan aile anayasas\u0131na, kriz y\u00f6netiminden s\u00fcrd\u00fcr\u00fclebilirlik sorumlulu\u011funa, kurum i\u00e7i suistimalden \"speak-up\" k\u00fclt\u00fcr\u00fcne ve \u015firketin i\u015fleyi\u015fine y\u00f6n veren \"tone at the top\" anlay\u0131\u015f\u0131na kadar temas etti\u011fimiz her kavram, dan\u0131\u015fmanl\u0131k verdi\u011fim \u015firketlere farkl\u0131 bir bak\u0131\u015f a\u00e7\u0131s\u0131 kazand\u0131rmam\u0131 ve \u00e7\u00f6z\u00fcme giden yolda rehberlik edebilmemi sa\u011flad\u0131. \u0130\u015f d\u00fcnyas\u0131n\u0131n de\u011ferli simalar\u0131yla bir araya geldi\u011fim, sorumluluk bilincimi yeni bir boyuta ta\u015f\u0131yan bu nitelikli program\u0131, alan\u0131nda derinle\u015fmek isteyen t\u00fcm meslekta\u015flar\u0131ma g\u00f6n\u00fclden tavsiye ederim.\u2019\u2019\t\t\t<\/p>\n\t\t\t\t\t\t\t<div class=\"e-q-footer\">\n\t\t\t\t\t\t\t\t\t\t\t<cite class=\"elementor-blockquote__author\">G\u00fclseren \u00d6ng\u00fcn \/ Avukat \/ G\u00fclseren \u00d6ng\u00fcn Avukatl\u0131k B\u00fcrosu \/ 17. D\u00f6nem Mezunu<\/cite>\n\t\t\t\t\t\t\t\t\t\t\t\t\t\t<\/div>\n\t\t\t\t\t<\/blockquote>\n\t\t\t\t\t\t<\/div>\n\t\t\t\t<\/div>\n\t\t\t\t<\/div>\n\t\t<div class=\"elementor-element elementor-element-95da542 e-con-full e-flex e-con e-child\" data-id=\"95da542\" data-element_type=\"container\" data-e-type=\"container\" data-settings=\"{&quot;_ha_eqh_enable&quot;:false}\">\n\t\t\t\t<div class=\"elementor-element elementor-element-94173ab elementor-blockquote--skin-border elementor-widget elementor-widget-blockquote\" data-id=\"94173ab\" data-element_type=\"widget\" data-e-type=\"widget\" data-widget_type=\"blockquote.default\">\n\t\t\t\t<div class=\"elementor-widget-container\">\n\t\t\t\t\t\t\t<blockquote class=\"elementor-blockquote\">\n\t\t\t<p class=\"elementor-blockquote__content\">\n\t\t\t\t\u2018\u2019TE\u0130D Akademi 17. d\u00f6nem mezunu olarak \u2018\u2019Kurumsal Etik ve Uyum Y\u00f6netimi\u2019\u2019 program\u0131, etik ve uyum alan\u0131ndaki bilgi ve bak\u0131\u015f a\u00e7\u0131m\u0131 \u00f6nemli \u00f6l\u00e7\u00fcde geli\u015ftiren, kapsaml\u0131 bir e\u011fitim deneyimi sundu. Program\u0131n teorik i\u00e7eri\u011finin g\u00fcncel uygulamalar, vaka analizleri ve deneyimli e\u011fitmenlerin aktar\u0131mlar\u0131yla desteklenmesi, konular\u0131 yaln\u0131zca kavramsal olarak de\u011fil, uygulama boyutuyla da de\u011ferlendirebilmeme katk\u0131 sa\u011flad\u0131. Farkl\u0131 sekt\u00f6rler ve \u015firketlerden kat\u0131l\u0131mc\u0131larla ger\u00e7ekle\u015ftirilen bilgi ve deneyim payla\u015f\u0131m\u0131 ise programa ayr\u0131 bir de\u011fer katt\u0131. Bu verimli e\u011fitim i\u00e7in t\u00fcm TE\u0130D akademi ailesine te\u015fekk\u00fcr ederim.\u2019\u2019\t\t\t<\/p>\n\t\t\t\t\t\t\t<div class=\"e-q-footer\">\n\t\t\t\t\t\t\t\t\t\t\t<cite class=\"elementor-blockquote__author\">Ilg\u0131n \u015eeker \/ Kurumsal S\u00fcrd\u00fcr\u00fclebilirlik M\u00fchendisi \/ Enka \u0130n\u015faat ve Sanayi A.\u015e. \/                                        17. D\u00f6nem Mezunu<\/cite>\n\t\t\t\t\t\t\t\t\t\t\t\t\t\t<\/div>\n\t\t\t\t\t<\/blockquote>\n\t\t\t\t\t\t<\/div>\n\t\t\t\t<\/div>\n\t\t\t\t<\/div>\n\t\t\t\t\t<\/div>\n\t\t\t\t<\/div>\n\t\t<div class=\"elementor-element elementor-element-e7e29a5 e-grid e-con-boxed e-con e-parent\" data-id=\"e7e29a5\" data-element_type=\"container\" data-e-type=\"container\" data-settings=\"{&quot;_ha_eqh_enable&quot;:false}\">\n\t\t\t\t\t<div class=\"e-con-inner\">\n\t\t<div class=\"elementor-element elementor-element-bf5059d e-con-full e-flex e-con e-child\" data-id=\"bf5059d\" data-element_type=\"container\" data-e-type=\"container\" data-settings=\"{&quot;_ha_eqh_enable&quot;:false}\">\n\t\t\t\t<div class=\"elementor-element elementor-element-26ea46c elementor-blockquote--skin-border elementor-widget elementor-widget-blockquote\" data-id=\"26ea46c\" data-element_type=\"widget\" data-e-type=\"widget\" data-widget_type=\"blockquote.default\">\n\t\t\t\t<div class=\"elementor-widget-container\">\n\t\t\t\t\t\t\t<blockquote class=\"elementor-blockquote\">\n\t\t\t<p class=\"elementor-blockquote__content\">\n\t\t\t\t\u201cTE\u0130D Akademi benim i\u00e7in sadece bir e\u011fitim program\u0131 de\u011fil, uyum ve etik alan\u0131na bak\u0131\u015f a\u00e7\u0131m\u0131 zenginle\u015ftiren \u00e7ok de\u011ferli bir \u00f6\u011frenme deneyimi oldu. G\u00fcncel i\u00e7erikler, vaka \u00e7al\u0131\u015fmalar\u0131 ve farkl\u0131 sekt\u00f6rlerden profesyonellerin katk\u0131lar\u0131 sayesinde hem yeni perspektifler kazand\u0131m hem de kendi uygulamalar\u0131m\u0131z\u0131 farkl\u0131 a\u00e7\u0131lardan de\u011ferlendirme f\u0131rsat\u0131 buldum. Bunun yan\u0131nda, etik ve uyum alan\u0131nda ayn\u0131 dili konu\u015ftu\u011fumuz, deneyimlerimizden \u00f6\u011frenmeye devam etti\u011fimiz g\u00fc\u00e7l\u00fc bir profesyonel a\u011f\u0131n par\u00e7as\u0131 olmak ise program\u0131n en k\u0131ymetli \u00e7\u0131kt\u0131lar\u0131ndan biriydi.\u201d\t\t\t<\/p>\n\t\t\t\t\t\t\t<div class=\"e-q-footer\">\n\t\t\t\t\t\t\t\t\t\t\t<cite class=\"elementor-blockquote__author\">Melda Y\u0131ld\u0131r\u0131m \/ Hukuk ve Uyum Grup M\u00fcd\u00fcr\u00fc \/ Mercedes Benz T\u00fcrk A.\u015e.\/ 15. D\u00f6nem Mezunu<\/cite>\n\t\t\t\t\t\t\t\t\t\t\t\t\t\t<\/div>\n\t\t\t\t\t<\/blockquote>\n\t\t\t\t\t\t<\/div>\n\t\t\t\t<\/div>\n\t\t\t\t<\/div>\n\t\t<div class=\"elementor-element elementor-element-760eb20 e-con-full e-flex e-con e-child\" data-id=\"760eb20\" data-element_type=\"container\" data-e-type=\"container\" data-settings=\"{&quot;_ha_eqh_enable&quot;:false}\">\n\t\t\t\t<div class=\"elementor-element elementor-element-bb4d4b7 elementor-blockquote--skin-border elementor-widget elementor-widget-blockquote\" data-id=\"bb4d4b7\" data-element_type=\"widget\" data-e-type=\"widget\" data-widget_type=\"blockquote.default\">\n\t\t\t\t<div class=\"elementor-widget-container\">\n\t\t\t\t\t\t\t<blockquote class=\"elementor-blockquote\">\n\t\t\t<p class=\"elementor-blockquote__content\">\n\t\t\t\t\u2018\u2019TE\u0130D Akademi\u2019nin 17. D\u00f6nem mezunu olarak, bu s\u00fcrecin benim i\u00e7in en b\u00fcy\u00fck kazan\u0131mlar\u0131ndan biri, etik ve uyum alan\u0131ndaki de\u011ferli \u00f6\u011frenimlerin yan\u0131 s\u0131ra farkl\u0131 sekt\u00f6rlerde \u00e7al\u0131\u015fan profesyonellerin deneyimlerini duymak ve perspektiflerini \u00f6\u011frenmek oldu. Program boyunca etik ve uyumun yaln\u0131zca kural setlerinden ibaret olmad\u0131\u011f\u0131n\u0131 ve asl\u0131nda bir kurumun k\u00fclt\u00fcr\u00fcn\u00fc, kararlar\u0131n\u0131 ve de\u011ferlerini \u015fekillendiren temel unsurlar oldu\u011funu \u00e7ok daha iyi anlad\u0131m. Bana yaln\u0131zca bilgi de\u011fil, mesleki hayat\u0131mda ta\u015f\u0131yaca\u011f\u0131m de\u011ferli bir perspektif kazand\u0131ran bu program i\u00e7in TE\u0130D Akademi\u2019ye ve t\u00fcm e\u011fitmenlerine te\u015fekk\u00fcr ederim.\u2019\u2019\t\t\t<\/p>\n\t\t\t\t\t\t\t<div class=\"e-q-footer\">\n\t\t\t\t\t\t\t\t\t\t\t<cite class=\"elementor-blockquote__author\">Mert \u00d6zyi\u011fit \/ Dijital Bankac\u0131l\u0131k Mevzuat\u0131 K\u0131demli Uzman\u0131 \/ Yap\u0131 Kredi \/ 17. D\u00f6nem Mezunu<\/cite>\n\t\t\t\t\t\t\t\t\t\t\t\t\t\t<\/div>\n\t\t\t\t\t<\/blockquote>\n\t\t\t\t\t\t<\/div>\n\t\t\t\t<\/div>\n\t\t\t\t<\/div>\n\t\t\t\t\t<\/div>\n\t\t\t\t<\/div>\n\t\t<div class=\"elementor-element elementor-element-4d97e76 e-grid e-con-boxed e-con e-parent\" data-id=\"4d97e76\" data-element_type=\"container\" data-e-type=\"container\" data-settings=\"{&quot;_ha_eqh_enable&quot;:false}\">\n\t\t\t\t\t<div class=\"e-con-inner\">\n\t\t<div class=\"elementor-element elementor-element-eecf346 e-con-full e-flex e-con e-child\" data-id=\"eecf346\" data-element_type=\"container\" data-e-type=\"container\" data-settings=\"{&quot;_ha_eqh_enable&quot;:false}\">\n\t\t\t\t<div class=\"elementor-element elementor-element-cf340e0 elementor-blockquote--skin-border elementor-widget elementor-widget-blockquote\" data-id=\"cf340e0\" data-element_type=\"widget\" data-e-type=\"widget\" data-widget_type=\"blockquote.default\">\n\t\t\t\t<div class=\"elementor-widget-container\">\n\t\t\t\t\t\t\t<blockquote class=\"elementor-blockquote\">\n\t\t\t<p class=\"elementor-blockquote__content\">\n\t\t\t\t\u201cTE\u0130D Akademi\u2019nin Kurumsal Etik ve Uyum Y\u00f6netimi E\u011fitim Program\u0131 16. D\u00f6nem mezunuyum. Kurumsal Etik ve Uyum Y\u00f6netimi E\u011fitimi, teoriyi g\u00fcncel i\u015f d\u00fcnyas\u0131n\u0131n pratikleriyle harmanlayan, mesleki a\u00e7\u0131dan son derece ufuk a\u00e7\u0131c\u0131 bir e\u011fitim s\u00fcreci oldu. E\u011fitim boyunca ele al\u0131nan konular\u0131n zenginli\u011fi ve ger\u00e7ek hayatta ya\u015fanan olaylar \u00fczerinden y\u00fcr\u00fct\u00fclen tart\u0131\u015fmalar, uyum k\u00fclt\u00fcr\u00fcn\u00fcn \u015firket i\u00e7indeki stratejik \u00f6nemini \u00e7ok daha net kavramam\u0131 sa\u011flad\u0131. E\u011fitim sayesinde edindi\u011fim yetkinlikler, g\u00fcnl\u00fck i\u015f s\u00fcre\u00e7lerime ve kurumsal uyum bak\u0131\u015f a\u00e7\u0131ma do\u011frudan de\u011fer katt\u0131. Alan\u0131nda uzman e\u011fitmenlerin rehberli\u011finde ger\u00e7ekle\u015fen keyifli e\u011fitim s\u00fcreci, mesleki geli\u015fimime \u00f6nemli bir katk\u0131 sa\u011flad\u0131. Katk\u0131s\u0131 ve eme\u011fi ge\u00e7en t\u00fcm TE\u0130D Akademi ekibine te\u015fekk\u00fcr ederim, nice keyifli e\u011fitimlere!\u201d\t\t\t<\/p>\n\t\t\t\t\t\t\t<div class=\"e-q-footer\">\n\t\t\t\t\t\t\t\t\t\t\t<cite class=\"elementor-blockquote__author\">Merve Yenig\u00fcl Kazkayas\u0131 \/ Avukat \/ 16. D\u00f6nem Mezunu<\/cite>\n\t\t\t\t\t\t\t\t\t\t\t\t\t\t<\/div>\n\t\t\t\t\t<\/blockquote>\n\t\t\t\t\t\t<\/div>\n\t\t\t\t<\/div>\n\t\t\t\t<\/div>\n\t\t<div class=\"elementor-element elementor-element-0fb45f7 e-con-full e-flex e-con e-child\" data-id=\"0fb45f7\" data-element_type=\"container\" data-e-type=\"container\" data-settings=\"{&quot;_ha_eqh_enable&quot;:false}\">\n\t\t\t\t<div class=\"elementor-element elementor-element-3e245ec elementor-blockquote--skin-border elementor-widget elementor-widget-blockquote\" data-id=\"3e245ec\" data-element_type=\"widget\" data-e-type=\"widget\" data-widget_type=\"blockquote.default\">\n\t\t\t\t<div class=\"elementor-widget-container\">\n\t\t\t\t\t\t\t<blockquote class=\"elementor-blockquote\">\n\t\t\t<p class=\"elementor-blockquote__content\">\n\t\t\t\t\u2018\u2019TE\u0130D Akademi \u201cKurumsal Etik ve Uyum Y\u00f6netimi\u201d e\u011fitim program\u0131, etik ve uyum alan\u0131ndaki teorik \u00e7er\u00e7eveyi i\u015f d\u00fcnyas\u0131ndaki uygulamalarla birlikte ele alan, profesyonelce yap\u0131land\u0131r\u0131lm\u0131\u015f bir i\u00e7erik sunmaktad\u0131r. Mevzuat ve uyum s\u00fcre\u00e7lerine ili\u015fkin kurumlarda etik k\u00fclt\u00fcr\u00fcn konumland\u0131r\u0131lmas\u0131 ve uyum fonksiyonunun karar alma s\u00fcre\u00e7lerindeki rol\u00fcne dair kat\u0131l\u0131mc\u0131lara y\u00f6nelik b\u00fct\u00fcnc\u00fcl bir bak\u0131\u015f kazand\u0131rmaktad\u0131r. Farkl\u0131 sekt\u00f6rlerden kat\u0131l\u0131mc\u0131larla yap\u0131lan payla\u015f\u0131mlar ve e\u011fitmenlerin deneyimleri program\u0131n de\u011ferini art\u0131rmaktad\u0131r. Genel olarak, alan\u0131nda g\u00fcncel ve uygulamaya d\u00f6n\u00fck bir perspektif sunan faydal\u0131 bir programd\u0131r. Program\u0131n haz\u0131rlanmas\u0131nda eme\u011fi ge\u00e7en TE\u0130D Akademi ekibine ve e\u011fitmenlere te\u015fekk\u00fcr ederim.\u2019\u2019\t\t\t<\/p>\n\t\t\t\t\t\t\t<div class=\"e-q-footer\">\n\t\t\t\t\t\t\t\t\t\t\t<cite class=\"elementor-blockquote__author\">Naz Aymer \/ Ethics &amp; Compliance Lead \/ Exeltis \/ 18. D\u00f6nem Mezunu<\/cite>\n\t\t\t\t\t\t\t\t\t\t\t\t\t\t<\/div>\n\t\t\t\t\t<\/blockquote>\n\t\t\t\t\t\t<\/div>\n\t\t\t\t<\/div>\n\t\t\t\t<\/div>\n\t\t\t\t\t<\/div>\n\t\t\t\t<\/div>\n\t\t<div class=\"elementor-element elementor-element-de311dd e-grid e-con-boxed e-con e-parent\" data-id=\"de311dd\" data-element_type=\"container\" data-e-type=\"container\" data-settings=\"{&quot;_ha_eqh_enable&quot;:false}\">\n\t\t\t\t\t<div class=\"e-con-inner\">\n\t\t<div class=\"elementor-element elementor-element-325d6e7 e-con-full e-flex e-con e-child\" data-id=\"325d6e7\" data-element_type=\"container\" data-e-type=\"container\" data-settings=\"{&quot;_ha_eqh_enable&quot;:false}\">\n\t\t\t\t<div class=\"elementor-element elementor-element-a85d95e elementor-blockquote--skin-border elementor-widget elementor-widget-blockquote\" data-id=\"a85d95e\" data-element_type=\"widget\" data-e-type=\"widget\" data-widget_type=\"blockquote.default\">\n\t\t\t\t<div class=\"elementor-widget-container\">\n\t\t\t\t\t\t\t<blockquote class=\"elementor-blockquote\">\n\t\t\t<p class=\"elementor-blockquote__content\">\n\t\t\t\t\u201cTE\u0130D Akademi, farkl\u0131 sekt\u00f6rlerden gelen deneyimli e\u011fitmenlerin payla\u015ft\u0131\u011f\u0131 g\u00fcncel \u00f6rnekler ve vaka \u00e7al\u0131\u015fmalar\u0131 ile, etik ve uyum alan\u0131nda bizlere hem teorik hem de uygulamaya d\u00f6n\u00fck b\u00fct\u00fcnc\u00fcl bir bak\u0131\u015f a\u00e7\u0131s\u0131 kazand\u0131ran, kurum k\u00fclt\u00fcr\u00fc ve karar alma s\u00fcre\u00e7lerinin ayr\u0131lmaz bir par\u00e7as\u0131 olarak etik ve uyum konular\u0131n\u0131 nas\u0131l ele almam\u0131z gerekti\u011fi konusunda bizlere k\u0131lavuzluk eden \u00e7ok k\u0131ymetli bir program oldu. \u00d6zellikle i\u015ftirakleri olan reg\u00fcle bir firman\u0131n hukuk profesyoneli olarak, edindi\u011fim bilgi ve bak\u0131\u015f a\u00e7\u0131s\u0131n\u0131 \u015firket i\u00e7i politika ve s\u00fcre\u00e7lere daha etkin \u015fekilde yans\u0131tabildi\u011fimi d\u00fc\u015f\u00fcn\u00fcyorum. Ayr\u0131ca TE\u0130D Akademi'nin mezun a\u011f\u0131 sayesinde etik ve uyum alan\u0131ndaki iyi uygulamalar\u0131 takip etme ve meslekta\u015flar\u0131mla bilgi payla\u015f\u0131m\u0131nda bulunma imk\u00e2n\u0131 da program\u0131n \u00f6nemli kazan\u0131mlar\u0131ndan biri.\u201d\t\t\t<\/p>\n\t\t\t\t\t\t\t<div class=\"e-q-footer\">\n\t\t\t\t\t\t\t\t\t\t\t<cite class=\"elementor-blockquote__author\">P\u0131nar Veziro\u011flu Dilek \/ Hukuk M\u00fc\u015faviri \/ Sanko Enerji \/ 18. D\u00f6nem Mezunu<\/cite>\n\t\t\t\t\t\t\t\t\t\t\t\t\t\t<\/div>\n\t\t\t\t\t<\/blockquote>\n\t\t\t\t\t\t<\/div>\n\t\t\t\t<\/div>\n\t\t\t\t<\/div>\n\t\t<div class=\"elementor-element elementor-element-ab786c5 e-con-full e-flex e-con e-child\" data-id=\"ab786c5\" data-element_type=\"container\" data-e-type=\"container\" data-settings=\"{&quot;_ha_eqh_enable&quot;:false}\">\n\t\t\t\t<div class=\"elementor-element elementor-element-6dee840 elementor-blockquote--skin-border elementor-widget elementor-widget-blockquote\" data-id=\"6dee840\" data-element_type=\"widget\" data-e-type=\"widget\" data-widget_type=\"blockquote.default\">\n\t\t\t\t<div class=\"elementor-widget-container\">\n\t\t\t\t\t\t\t<blockquote class=\"elementor-blockquote\">\n\t\t\t<p class=\"elementor-blockquote__content\">\n\t\t\t\t\u2018\u2019TE\u0130D Akademi'nin Etik ve Uyum Y\u00f6netimi Program\u0131na hukuk veya uyum ge\u00e7mi\u015fi olmayan bir profesyonel olarak kat\u0131ld\u0131m. Kendi a\u00e7\u0131mdan program\u0131 olduk\u00e7a zengin bir \u00f6\u011frenme deneyimi olarak tan\u0131mlayabilirim. E\u011fitmenler yaln\u0131zca teorik bilgiyi aktarmakla kalm\u0131yor, y\u0131llara dayanan deneyimlerini ve iyi uygulama \u00f6rneklerini de b\u00fcy\u00fck bir a\u00e7\u0131kl\u0131kla payla\u015f\u0131yorlar. Farkl\u0131 sekt\u00f6rlerden profesyonellerle fikir al\u0131\u015fveri\u015fi yapmak ve kat\u0131l\u0131mc\u0131lar\u0131n g\u00fcndeme getirdi\u011fi ger\u00e7ek hayat \u00f6rnekleri, etik ve uyum standartlar\u0131n\u0131n prati\u011fe nas\u0131l yans\u0131d\u0131\u011f\u0131n\u0131 g\u00f6rmek a\u00e7\u0131s\u0131ndan \u00e7ok de\u011ferliydi. Etik ve uyumun sadece belirli bir fonksiyonun de\u011fil, t\u00fcm organizasyonun ortak sorumlulu\u011fu oldu\u011funu g\u00f6stermesi a\u00e7\u0131s\u0131ndan da \u00f6nemli bir fark\u0131ndal\u0131k sa\u011flad\u0131. Bu nedenle program\u0131n sadece uyum profesyonelleri i\u00e7in de\u011fil, y\u00f6neticiler ve \u0130K ekipleri i\u00e7in de \u00f6nemli bir geli\u015fim f\u0131rsat\u0131 sundu\u011funu d\u00fc\u015f\u00fcn\u00fcyorum. Bu e\u011fitim i\u00e7in TE\u0130D Akademi\u2019ye, de\u011ferli e\u011fitmenlerine ve 16.d\u00f6nemde e\u011fitime kat\u0131larak katk\u0131 sunan t\u00fcm kat\u0131l\u0131mc\u0131 arkada\u015flara tekrar te\u015fekk\u00fcr ederim.\u2019\u2019\t\t\t<\/p>\n\t\t\t\t\t\t\t<div class=\"e-q-footer\">\n\t\t\t\t\t\t\t\t\t\t\t<cite class=\"elementor-blockquote__author\">Saadet \u00c7a\u011fal \/ Social Sustainability Manager \/ Martur Fompak International \/ 16. D\u00f6nem Mezunu<\/cite>\n\t\t\t\t\t\t\t\t\t\t\t\t\t\t<\/div>\n\t\t\t\t\t<\/blockquote>\n\t\t\t\t\t\t<\/div>\n\t\t\t\t<\/div>\n\t\t\t\t<\/div>\n\t\t\t\t\t<\/div>\n\t\t\t\t<\/div>\n\t\t<div class=\"elementor-element elementor-element-b245f70 e-grid e-con-boxed e-con e-parent\" data-id=\"b245f70\" data-element_type=\"container\" data-e-type=\"container\" data-settings=\"{&quot;_ha_eqh_enable&quot;:false}\">\n\t\t\t\t\t<div class=\"e-con-inner\">\n\t\t<div class=\"elementor-element elementor-element-fb99cac e-con-full e-flex e-con e-child\" data-id=\"fb99cac\" data-element_type=\"container\" data-e-type=\"container\" data-settings=\"{&quot;_ha_eqh_enable&quot;:false}\">\n\t\t\t\t<div class=\"elementor-element elementor-element-c0d9b5e elementor-blockquote--skin-border elementor-widget elementor-widget-blockquote\" data-id=\"c0d9b5e\" data-element_type=\"widget\" data-e-type=\"widget\" data-widget_type=\"blockquote.default\">\n\t\t\t\t<div class=\"elementor-widget-container\">\n\t\t\t\t\t\t\t<blockquote class=\"elementor-blockquote\">\n\t\t\t<p class=\"elementor-blockquote__content\">\n\t\t\t\t\u2018\u2019TE\u0130D Akademi b\u00fcnyesinde \u201cKurumsal Etik ve Uyum Y\u00f6netimi\u201d e\u011fitimine kat\u0131larak TE\u0130D Akademi 17. D\u00f6nem mezunu olma ve TE\u0130D ailesine kat\u0131lma \u015fans\u0131na nail oldum, bana bu f\u0131rsat\u0131 tan\u0131d\u0131\u011f\u0131 i\u00e7in Yap\u0131 Kredi Bankas\u0131 ile Etik ve \u0130tibar Derne\u011fi\u2019ne (TE\u0130D) te\u015fekk\u00fcr ederim.   Bu e\u011fitim s\u00fcreci benim i\u00e7in hem teorik altyap\u0131 hem de g\u00fcnl\u00fck i\u015f hayat\u0131na do\u011frudan uygulanabilecek pratik bilgiler a\u00e7\u0131s\u0131ndan son derece de\u011ferli bir deneyim oldu. E\u011fitim boyunca ele al\u0131nan g\u00fcncel vaka \u00f6rnekleri, uyum y\u00f6netim sistemleri ve etik karar alma s\u00fcre\u00e7lerine ili\u015fkin yakla\u015f\u0131mlar, kurumsal bak\u0131\u015f a\u00e7\u0131m\u0131 \u00f6nemli \u00f6l\u00e7\u00fcde geli\u015ftirdi. Alan\u0131nda uzman e\u011fitmenlerin sade ve anla\u015f\u0131l\u0131r anlat\u0131m\u0131 sayesinde karma\u015f\u0131k konular bile kolayl\u0131kla kavranabilir bir hale geldi. Bu e\u011fitimi, kurumlar\u0131nda etik ve uyum k\u00fclt\u00fcr\u00fcn\u00fc g\u00fc\u00e7lendirmek isteyen t\u00fcm profesyonellere g\u00f6n\u00fcl rahatl\u0131\u011f\u0131yla tavsiye ederim.\u2019\u2019\t\t\t<\/p>\n\t\t\t\t\t\t\t<div class=\"e-q-footer\">\n\t\t\t\t\t\t\t\t\t\t\t<cite class=\"elementor-blockquote__author\">Selim K\u0131r\u0131c\u0131 \/ KVKK Uyum Y\u00f6netmeni \/ Yap\u0131 Kredi \/ 17. D\u00f6nem Mezunu<\/cite>\n\t\t\t\t\t\t\t\t\t\t\t\t\t\t<\/div>\n\t\t\t\t\t<\/blockquote>\n\t\t\t\t\t\t<\/div>\n\t\t\t\t<\/div>\n\t\t\t\t<\/div>\n\t\t<div class=\"elementor-element elementor-element-5d166b9 e-con-full e-flex e-con e-child\" data-id=\"5d166b9\" data-element_type=\"container\" data-e-type=\"container\" data-settings=\"{&quot;_ha_eqh_enable&quot;:false}\">\n\t\t\t\t<div class=\"elementor-element elementor-element-8cda2c1 elementor-blockquote--skin-border elementor-widget elementor-widget-blockquote\" data-id=\"8cda2c1\" data-element_type=\"widget\" data-e-type=\"widget\" data-widget_type=\"blockquote.default\">\n\t\t\t\t<div class=\"elementor-widget-container\">\n\t\t\t\t\t\t\t<blockquote class=\"elementor-blockquote\">\n\t\t\t<p class=\"elementor-blockquote__content\">\n\t\t\t\t\"TE\u0130D Akademi\u2019nin \u201cKurumsal Etik ve Uyum Y\u00f6netimi\u201d program\u0131n\u0131n benim i\u00e7in en g\u00fc\u00e7l\u00fc yan\u0131, e\u011fitimin s\u0131n\u0131fta ba\u015flay\u0131p s\u0131n\u0131fta bitmemesi oldu. Program boyunca alan\u0131nda k\u0131ymetli e\u011fitmenlerimizin bilgi ve deneyimlerinden faydalan\u0131rken, farkl\u0131 sekt\u00f6rlerden gelen kat\u0131l\u0131mc\u0131larla konular\u0131 yaln\u0131zca teorik olarak de\u011fil, ger\u00e7ek hayattaki uygulamalar ve kar\u015f\u0131la\u015f\u0131lan vakalar \u00fczerinden tart\u0131\u015fma f\u0131rsat\u0131 bulduk. Bunun \u00f6tesinde, program sayesinde olu\u015fan g\u00fc\u00e7l\u00fc mesleki a\u011f\u0131n e\u011fitim sonras\u0131nda da devam etmesini \u00f6zellikle de\u011ferli buluyorum. Y\u0131l i\u00e7erisinde farkl\u0131 vesilelerle yeniden bir araya gelerek g\u00fcncel geli\u015fmeleri, kar\u015f\u0131la\u015ft\u0131\u011f\u0131m\u0131z benzer sorunlar\u0131 ve farkl\u0131 \u015firketlerin bu konulara nas\u0131l yakla\u015ft\u0131\u011f\u0131n\u0131 payla\u015fmak, kendi uygulamalar\u0131m\u0131za da farkl\u0131 bir g\u00f6zle bakmam\u0131z\u0131 sa\u011fl\u0131yor. Benim i\u00e7in TE\u0130D Akademi\u2019nin en \u00f6nemli katk\u0131s\u0131, etik ve uyum alan\u0131ndaki bilgi birikimimi geli\u015ftirmenin yan\u0131nda, birlikte \u00f6\u011frenmeye ve deneyim payla\u015fmaya devam edebildi\u011fim g\u00fc\u00e7l\u00fc bir profesyonel \u00e7evrenin par\u00e7as\u0131 olmak oldu.\"\t\t\t<\/p>\n\t\t\t\t\t\t\t<div class=\"e-q-footer\">\n\t\t\t\t\t\t\t\t\t\t\t<cite class=\"elementor-blockquote__author\">\u015eebnem G\u00fczelo\u011flu \u00c7il \/ Lead Legal Counsel \u2013 Global Compliance \/ Beko \/ 17. D\u00f6nem Mezunu<\/cite>\n\t\t\t\t\t\t\t\t\t\t\t\t\t\t<\/div>\n\t\t\t\t\t<\/blockquote>\n\t\t\t\t\t\t<\/div>\n\t\t\t\t<\/div>\n\t\t\t\t<\/div>\n\t\t\t\t\t<\/div>\n\t\t\t\t<\/div>\n\t\t<div class=\"elementor-element elementor-element-8972ff7 e-grid e-con-boxed e-con e-parent\" data-id=\"8972ff7\" data-element_type=\"container\" data-e-type=\"container\" data-settings=\"{&quot;_ha_eqh_enable&quot;:false}\">\n\t\t\t\t\t<div class=\"e-con-inner\">\n\t\t<div class=\"elementor-element elementor-element-5a77408 e-con-full e-flex e-con e-child\" data-id=\"5a77408\" data-element_type=\"container\" data-e-type=\"container\" data-settings=\"{&quot;_ha_eqh_enable&quot;:false}\">\n\t\t\t\t<div class=\"elementor-element elementor-element-906411a elementor-blockquote--skin-border elementor-widget elementor-widget-blockquote\" data-id=\"906411a\" data-element_type=\"widget\" data-e-type=\"widget\" data-widget_type=\"blockquote.default\">\n\t\t\t\t<div class=\"elementor-widget-container\">\n\t\t\t\t\t\t\t<blockquote class=\"elementor-blockquote\">\n\t\t\t<p class=\"elementor-blockquote__content\">\n\t\t\t\t\u2018\u2019TE\u0130D Akademi Kurumsal Etik ve Uyum Y\u00f6netimi E\u011fitim Program\u0131'na kat\u0131lmak benim i\u00e7in ger\u00e7ekten de\u011ferli bir deneyimdi. Program, etik ve uyum y\u00f6netimine dair g\u00fc\u00e7l\u00fc \u00f6rnek uygulamalar ve modeller sunarak bana hem ortak bir dil hem de b\u00fct\u00fcnc\u00fcl, uluslararas\u0131 standartlarla uyumlu bir bak\u0131\u015f a\u00e7\u0131s\u0131 kazand\u0131rd\u0131. Bu bak\u0131\u015f a\u00e7\u0131s\u0131yla; i\u015f alan\u0131m\u0131zda yapt\u0131\u011f\u0131m\u0131z \u00e7al\u0131\u015fmalar\u0131m\u0131z\u0131 da g\u00f6zden ge\u00e7irme ve geli\u015ftirmemize de rehberlik etti. Bana g\u00f6re sadece bir e\u011fitim program\u0131 de\u011fil, bunun da \u00f6tesinde, ayn\u0131 de\u011ferleri payla\u015fan, i\u015fini ger\u00e7ekten \u00f6nemseyen profesyonellerle bir araya gelerek; deneyimlerin payla\u015f\u0131ld\u0131\u011f\u0131 ve birbirinden \u00f6\u011frenildi\u011fi k\u0131ymetli bir geli\u015fim platformu. Bug\u00fcn gelinen noktada, program\u0131n e\u011fitmenleri aras\u0131nda yer alma f\u0131rsat\u0131n\u0131 bulmu\u015f olmaktan da ayr\u0131 bir gurur duyuyorum. Bana bu alanda katk\u0131 sa\u011flama imk\u00e2n\u0131 tan\u0131yan TE\u0130D Akademi'ye bunun i\u00e7in ayr\u0131ca te\u015fekk\u00fcr ederim; \u00e7\u00fcnk\u00fc sadece deneyim edinmek de\u011fil, bunlar\u0131 ba\u015fkalar\u0131yla payla\u015fmak da \u00f6nemli bir sorumluluk ve ba\u015fl\u0131 ba\u015f\u0131na de\u011ferli bir yolculuk. Teknolojinin ba\u015f d\u00f6nd\u00fcr\u00fcc\u00fc bir h\u0131zla geli\u015fti\u011fi ve kurumlar\u0131n k\u00fcresel \u00f6l\u00e7ekte hesap verebilirlik beklentisiyle kar\u015f\u0131 kar\u015f\u0131ya kald\u0131\u011f\u0131 bug\u00fcn\u00fcn d\u00fcnyas\u0131nda, etik k\u00fclt\u00fcr\u00fcn\u00fcn kurumsal DNA'n\u0131n ayr\u0131lmaz bir par\u00e7as\u0131 haline gelmesi art\u0131k bir tercih de\u011fil, bir zorunluluk. TE\u0130D Akademi'nin bu d\u00f6n\u00fc\u015f\u00fcme liderlik edebilecek, uluslararas\u0131 standartlar\u0131 \u00f6z\u00fcmsemi\u015f, donan\u0131ml\u0131 etik el\u00e7iler yeti\u015ftirme vizyonuna verdi\u011fi katk\u0131n\u0131n \u00e7ok k\u0131ymetli oldu\u011funa y\u00fcrekten inan\u0131yorum. Alan\u0131nda fark yaratmak isteyen her profesyonele bu program\u0131 g\u00f6n\u00fcl rahatl\u0131\u011f\u0131yla tavsiye ederim.\u2019\u2019\t\t\t<\/p>\n\t\t\t\t\t\t\t<div class=\"e-q-footer\">\n\t\t\t\t\t\t\t\t\t\t\t<cite class=\"elementor-blockquote__author\">\u015eeng\u00fcl Korkmaz \/ Risk ve Uyum M\u00fcd\u00fcr\u00fc \/ Figopara \/ 16. D\u00f6nem Mezunu<\/cite>\n\t\t\t\t\t\t\t\t\t\t\t\t\t\t<\/div>\n\t\t\t\t\t<\/blockquote>\n\t\t\t\t\t\t<\/div>\n\t\t\t\t<\/div>\n\t\t\t\t<\/div>\n\t\t<div class=\"elementor-element elementor-element-efad598 e-con-full e-flex e-con e-child\" data-id=\"efad598\" data-element_type=\"container\" data-e-type=\"container\" data-settings=\"{&quot;_ha_eqh_enable&quot;:false}\">\n\t\t\t\t<div class=\"elementor-element elementor-element-a9f9cb1 elementor-blockquote--skin-border elementor-widget elementor-widget-blockquote\" data-id=\"a9f9cb1\" data-element_type=\"widget\" data-e-type=\"widget\" data-widget_type=\"blockquote.default\">\n\t\t\t\t<div class=\"elementor-widget-container\">\n\t\t\t\t\t\t\t<blockquote class=\"elementor-blockquote\">\n\t\t\t<p class=\"elementor-blockquote__content\">\n\t\t\t\t\u201cTE\u0130D Akademi \u201cKurumsal Etik ve Uyum Y\u00f6netimi\u201d program\u0131 benim i\u00e7in son derece de\u011ferli ve \u00f6\u011fretici bir deneyim oldu. Program\u0131n hem i\u00e7erik kalitesi hem de i\u015fleyi\u015fi olduk\u00e7a ba\u015far\u0131l\u0131yd\u0131. TE\u0130D ekibinin ve e\u011fitmenlerin g\u00fcler y\u00fczl\u00fc, destekleyici ve alanlar\u0131nda son derece donan\u0131ml\u0131 olmalar\u0131\u00f6\u011frenme s\u00fcrecine b\u00fcy\u00fck katk\u0131 sa\u011flad\u0131. E\u011fitim sayesinde etik ve uyum alan\u0131ndaki bilgi birikimimi geli\u015ftirme f\u0131rsat\u0131 buldu\u011fum i\u00e7in \u00e7ok \u015fansl\u0131 hissediyorum.\u201d\t\t\t<\/p>\n\t\t\t\t\t\t\t<div class=\"e-q-footer\">\n\t\t\t\t\t\t\t\t\t\t\t<cite class=\"elementor-blockquote__author\">Yaren \u015eevval Beceni \/ Y\u00f6netici Avukat \/ BTS&amp;Partners Hukuk B\u00fcrosu \/ 19. D\u00f6nem Mezunu<\/cite>\n\t\t\t\t\t\t\t\t\t\t\t\t\t\t<\/div>\n\t\t\t\t\t<\/blockquote>\n\t\t\t\t\t\t<\/div>\n\t\t\t\t<\/div>\n\t\t\t\t<\/div>\n\t\t\t\t\t<\/div>\n\t\t\t\t<\/div>\n\t\t<div class=\"elementor-element elementor-element-4c47858 e-grid e-con-boxed e-con e-parent\" data-id=\"4c47858\" data-element_type=\"container\" data-e-type=\"container\" data-settings=\"{&quot;_ha_eqh_enable&quot;:false}\">\n\t\t\t\t\t<div class=\"e-con-inner\">\n\t\t<div class=\"elementor-element elementor-element-68a2936 e-con-full e-flex e-con e-child\" data-id=\"68a2936\" data-element_type=\"container\" data-e-type=\"container\" data-settings=\"{&quot;_ha_eqh_enable&quot;:false}\">\n\t\t\t\t<div class=\"elementor-element elementor-element-5961fc7 elementor-blockquote--skin-border elementor-widget elementor-widget-blockquote\" data-id=\"5961fc7\" data-element_type=\"widget\" data-e-type=\"widget\" data-widget_type=\"blockquote.default\">\n\t\t\t\t<div class=\"elementor-widget-container\">\n\t\t\t\t\t\t\t<blockquote class=\"elementor-blockquote\">\n\t\t\t<p class=\"elementor-blockquote__content\">\n\t\t\t\t\u201cEtik ve \u0130tibar Derne\u011fi, \u00e7al\u0131\u015fmalar\u0131 T\u00fcrkiye ile s\u0131n\u0131rl\u0131 olmayan \u00e7ok de\u011ferli uyum profesyonellerinin yer ald\u0131\u011f\u0131, uyum k\u00fclt\u00fcr\u00fc \u00e7\u0131tas\u0131n\u0131 elbirli\u011fi ile hep daha yukar\u0131ya ta\u015f\u0131may\u0131 hedefleyen bir ailedir. Bu aileye kat\u0131lmak i\u00e7in \u00f6n ko\u015ful \u201cKurumsal Etik ve Uyum Y\u00f6netimi\u201d e\u011fitim program\u0131d\u0131r. Program ayn\u0131 dili konu\u015ftu\u011funuz, ayn\u0131 problemlerle s\u0131nand\u0131\u011f\u0131m\u0131z say\u0131s\u0131z profesyonelle sizi ayn\u0131 ortamda bulu\u015fturarak do\u011fru sorulara beraber cevap bulma imkan\u0131 tan\u0131r. Kat\u0131l\u0131mc\u0131lar\u0131n Uyum k\u00fclt\u00fcr\u00fcne ili\u015fkin alg\u0131s\u0131n\u0131 D\u00fcnya standartlar\u0131na ta\u015f\u0131rken butik ihtiya\u00e7lar\u0131 da sorgulayabilece\u011finiz e\u015fsiz bir ortam sunar.Bir uyum profesyoneli olarak kendinizi s\u0131namak, hedeflerinizi belirlemek ve ayn\u0131 dili konu\u015fmak i\u00e7in en do\u011fru yerdir.\u201d\t\t\t<\/p>\n\t\t\t\t\t\t\t<div class=\"e-q-footer\">\n\t\t\t\t\t\t\t\t\t\t\t<cite class=\"elementor-blockquote__author\">Ye\u015fim Balkan \/ Uyum Birim Y\u00f6neticisi \/ Volkswagen Do\u011fu\u015f Finans \/ 16. D\u00f6nem Mezunu<\/cite>\n\t\t\t\t\t\t\t\t\t\t\t\t\t\t<\/div>\n\t\t\t\t\t<\/blockquote>\n\t\t\t\t\t\t<\/div>\n\t\t\t\t<\/div>\n\t\t\t\t<\/div>\n\t\t<div class=\"elementor-element elementor-element-85cf77c e-con-full e-flex e-con e-child\" data-id=\"85cf77c\" data-element_type=\"container\" data-e-type=\"container\" data-settings=\"{&quot;_ha_eqh_enable&quot;:false}\">\n\t\t\t\t<div class=\"elementor-element elementor-element-e464158 elementor-blockquote--skin-border elementor-widget elementor-widget-blockquote\" data-id=\"e464158\" data-element_type=\"widget\" data-e-type=\"widget\" data-widget_type=\"blockquote.default\">\n\t\t\t\t<div class=\"elementor-widget-container\">\n\t\t\t\t\t\t\t<blockquote class=\"elementor-blockquote\">\n\t\t\t<p class=\"elementor-blockquote__content\">\n\t\t\t\t\"TE\u0130D Uyum Y\u00f6neticili\u011fi Akademisi\u2019ne, \u015firkette uyum sorumlulu\u011funu hen\u00fcz yeni \u00fcstlendi\u011fim bir d\u00f6nemde kat\u0131lm\u0131\u015ft\u0131m. Bu nedenle program, benim i\u00e7in yaln\u0131zca bir e\u011fitim de\u011fil, uyum yolculu\u011fumda g\u00fc\u00e7l\u00fc bir ba\u015flang\u0131\u00e7 noktas\u0131 oldu. Edindi\u011fim bilgiler, \u015firketimizde uyum program\u0131n\u0131 olu\u015ftururken bana \u00f6nemli bir yol haritas\u0131 sundu.  Uyumun yaln\u0131zca kurallardan de\u011fil, payla\u015f\u0131m ve g\u00fc\u00e7l\u00fc bir mesleki dayan\u0131\u015fmadan beslendi\u011fini bu programda deneyimledim. Bunun yan\u0131nda, farkl\u0131 kurumlar\u0131n uyum alan\u0131nda nerede oldu\u011funu g\u00f6rmek, kar\u015f\u0131l\u0131kl\u0131 bilgi ve deneyim payla\u015f\u0131m\u0131nda bulunmak ve bug\u00fcn de ileti\u015fimde oldu\u011fumuz de\u011ferli e\u011fitmen ve meslekta\u015flarla tan\u0131\u015fmak program\u0131n en k\u0131ymetli kazan\u0131mlar\u0131ndand\u0131. Yine kahvalt\u0131lar ba\u015fta olmak \u00fczere \u00e7e\u015fitli etkinliklerde bir araya gelmek de olduk\u00e7a keyifliydi.\"\t\t\t<\/p>\n\t\t\t\t\t\t\t<div class=\"e-q-footer\">\n\t\t\t\t\t\t\t\t\t\t\t<cite class=\"elementor-blockquote__author\">Z\u00fclal Ayvaz Uygun \/ \u0130\u00e7 Kontrol, Kurumsal Risk Y\u00f6netimi ve Uyum M\u00fc\u015faviri \/ Aras Kargo \/ 15. D\u00f6nem Mezunu<\/cite>\n\t\t\t\t\t\t\t\t\t\t\t\t\t\t<\/div>\n\t\t\t\t\t<\/blockquote>\n\t\t\t\t\t\t<\/div>\n\t\t\t\t<\/div>\n\t\t\t\t<\/div>\n\t\t\t\t\t<\/div>\n\t\t\t\t<\/div>\n\t\t\t\t<\/div>\n\t\t","protected":false},"excerpt":{"rendered":"<p>TE\u0130D Akademi Kat\u0131l\u0131mc\u0131 ve E\u011fitmen G\u00f6r\u00fc\u015fleri \u2018\u2019TE\u0130D Akademi, etik ve uyum alan\u0131ndaki temel kavramlar\u0131 sistematik bir \u00e7er\u00e7evede ele al\u0131rken, farkl\u0131 sekt\u00f6rlerden kat\u0131l\u0131mc\u0131larla deneyim payla\u015f\u0131m\u0131 yapma f\u0131rsat\u0131 sunan faydal\u0131 bir programd\u0131. E\u011fitim, uygulamadaki bak\u0131\u015f a\u00e7\u0131m\u0131 geli\u015ftirmeme katk\u0131 sa\u011flad\u0131. Bu nedenle etik ve uyum alan\u0131nda kendini geli\u015ftirmek isteyen profesyoneller i\u00e7in de\u011ferli bir e\u011fitim oldu\u011funu d\u00fc\u015f\u00fcn\u00fcyorum.\u2019\u2019 Asuman G\u00f6z\u00fca\u00e7\u0131k [&hellip;]<\/p>\n","protected":false},"author":1,"featured_media":0,"parent":0,"menu_order":0,"comment_status":"closed","ping_status":"closed","template":"","meta":{"_bbp_topic_count":0,"_bbp_reply_count":0,"_bbp_total_topic_count":0,"_bbp_total_reply_count":0,"_bbp_voice_count":0,"_bbp_anonymous_reply_count":0,"_bbp_topic_count_hidden":0,"_bbp_reply_count_hidden":0,"_bbp_forum_subforum_count":0,"footnotes":""},"class_list":["post-49578","page","type-page","status-publish","hentry"],"_links":{"self":[{"href":"https:\/\/teidakademi.com\/index.php\/wp-json\/wp\/v2\/pages\/49578","targetHints":{"allow":["GET"]}}],"collection":[{"href":"https:\/\/teidakademi.com\/index.php\/wp-json\/wp\/v2\/pages"}],"about":[{"href":"https:\/\/teidakademi.com\/index.php\/wp-json\/wp\/v2\/types\/page"}],"author":[{"embeddable":true,"href":"https:\/\/teidakademi.com\/index.php\/wp-json\/wp\/v2\/users\/1"}],"replies":[{"embeddable":true,"href":"https:\/\/teidakademi.com\/index.php\/wp-json\/wp\/v2\/comments?post=49578"}],"version-history":[{"count":31,"href":"https:\/\/teidakademi.com\/index.php\/wp-json\/wp\/v2\/pages\/49578\/revisions"}],"predecessor-version":[{"id":49611,"href":"https:\/\/teidakademi.com\/index.php\/wp-json\/wp\/v2\/pages\/49578\/revisions\/49611"}],"wp:attachment":[{"href":"https:\/\/teidakademi.com\/index.php\/wp-json\/wp\/v2\/media?parent=49578"}],"curies":[{"name":"wp","href":"https:\/\/api.w.org\/{rel}","templated":true}]}}